{"id":4434,"date":"2024-11-07T08:10:08","date_gmt":"2024-11-07T08:10:08","guid":{"rendered":"https:\/\/booking.rehmracedays.de\/politica-de-privacidad\/"},"modified":"2025-03-26T15:29:40","modified_gmt":"2025-03-26T15:29:40","slug":"politica-de-privacidad","status":"publish","type":"page","link":"https:\/\/www.rehmracedays.com\/es\/politica-de-privacidad\/","title":{"rendered":"Pol\u00edtica de privacidad"},"content":{"rendered":"\t\t<div data-elementor-type=\"wp-page\" data-elementor-id=\"4434\" class=\"elementor elementor-4434 elementor-17\" data-elementor-post-type=\"page\">\n\t\t\t\t<div class=\"elementor-element elementor-element-ea66a04 e-flex e-con-boxed e-con e-parent\" data-id=\"ea66a04\" data-element_type=\"container\" data-e-type=\"container\">\n\t\t\t\t\t<div class=\"e-con-inner\">\n\t\t\t\t<div class=\"elementor-element elementor-element-46a610e elementor-widget elementor-widget-heading\" data-id=\"46a610e\" data-element_type=\"widget\" data-e-type=\"widget\" data-widget_type=\"heading.default\">\n\t\t\t\t<div class=\"elementor-widget-container\">\n\t\t\t\t\t<h1 class=\"elementor-heading-title elementor-size-default\">Pol\u00edtica de privacidad<\/h1>\t\t\t\t<\/div>\n\t\t\t\t<\/div>\n\t\t\t\t<div class=\"elementor-element elementor-element-45c5464 elementor-widget elementor-widget-text-editor\" data-id=\"45c5464\" data-element_type=\"widget\" data-e-type=\"widget\" data-widget_type=\"text-editor.default\">\n\t\t\t\t<div class=\"elementor-widget-container\">\n\t\t\t\t\t\t\t\t\t<p>Nombre y datos de contacto del responsable del tratamiento de conformidad con el art\u00edculo 4, apartado 7, del RGPD <\/p>\n<p>Empresa: Rehm race days GmbH<br \/>Direcci\u00f3n: Wachau 6, 89584 Ehingen, Alemania<br \/>Tel\u00e9fono: +49 (0) 7391 755 80 67<br \/>Correo electr\u00f3nico: <a title=\"Abre una ventana para enviar correo electr\u00f3nico\" href=\"mailto:info@rehmracedays.com\">info@rehmracedays.com<\/a><\/p>\n<p>Persona de contacto: Karl Rehm<\/p>\n<p><strong>Seguridad y protecci\u00f3n de sus datos personales<\/strong><\/p>\n<p>Consideramos que nuestra principal responsabilidad es mantener la confidencialidad de los datos personales que nos proporciona y protegerlos del acceso no autorizado. Por eso, ponemos el m\u00e1ximo cuidado y aplicamos los est\u00e1ndares de seguridad m\u00e1s modernos para garantizar la m\u00e1xima protecci\u00f3n de sus datos personales. <\/p>\n<p>Como empresa de derecho privado, estamos sujetos a las disposiciones del Reglamento General de Protecci\u00f3n de Datos (RGPD) europeo y a las normas de la Ley Federal de Protecci\u00f3n de Datos (BDSG) alemana. Hemos tomado medidas t\u00e9cnicas y organizativas para garantizar que tanto nosotros como nuestros proveedores de servicios externos respetemos las normas de protecci\u00f3n de datos. <\/p>\n<p><strong>Definiciones<\/strong><\/p>\n<p>El legislador exige que los datos personales se traten de forma l\u00edcita, de buena fe y de manera comprensible para el interesado (\u00ablicitud, tratamiento de buena fe, transparencia\u00bb). Para garantizarlo, le informaremos sobre las definiciones legales individuales que tambi\u00e9n se utilizan en esta declaraci\u00f3n de protecci\u00f3n de datos: <\/p>\n<p><strong>1. Datos personales<\/strong><br \/>\u00abDatos personales\u00bb significa cualquier informaci\u00f3n relacionada con una persona f\u00edsica identificada o identificable (en lo sucesivo, \u00abinteresado\u00bb); una persona f\u00edsica identificable es aquella que puede ser identificada, directa o indirectamente, en particular por referencia a un identificador como un nombre, un n\u00famero de identificaci\u00f3n, datos de localizaci\u00f3n, un identificador en l\u00ednea o a uno o m\u00e1s factores espec\u00edficos de la identidad f\u00edsica, fisiol\u00f3gica, gen\u00e9tica, mental, econ\u00f3mica, cultural o social de esa persona f\u00edsica.<\/p>\n<p><strong>2. Tratamiento<\/strong><br \/>\u00abTratamiento\u00bb: cualquier operaci\u00f3n o conjunto de operaciones realizadas sobre datos personales, ya sea por procedimientos automatizados o no, como la recogida, registro, organizaci\u00f3n, estructuraci\u00f3n, conservaci\u00f3n, adaptaci\u00f3n o modificaci\u00f3n, extracci\u00f3n, consulta, utilizaci\u00f3n, comunicaci\u00f3n por transmisi\u00f3n, difusi\u00f3n o cualquier otra forma de habilitaci\u00f3n de acceso, cotejo o interconexi\u00f3n, limitaci\u00f3n, supresi\u00f3n o destrucci\u00f3n.<\/p>\n<p><strong>3. Limitac\u00f3n del tratamiento<\/strong><br \/>\u00abLimitaci\u00f3n del tratamiento\u00bb: el marcado de los datos personales almacenados con el fin de limitar su tratamiento en el futuro.<\/p>\n<p><strong>4. Elaboraci\u00f3n de perfiles<\/strong><br \/>\u00abElaboraci\u00f3n de perfiles\u00bb: toda forma de tratamiento automatizado de datos personales consistente en utilizar datos personales para evaluar determinados aspectos personales de una persona f\u00edsica, en particular para analizar o predecir aspectos relativos al rendimiento profesional, situaci\u00f3n econ\u00f3mica, salud, preferencias personales, intereses, fiabilidad, comportamiento, ubicaci\u00f3n o movimientos de dicha persona f\u00edsica.<\/p>\n<p><strong>5. Seudonimizaci\u00f3n<\/strong><br \/>\u00abSeudonimizaci\u00f3n\u00bb: el tratamiento de datos personales de manera tal que ya no puedan atribuirse a un interesado sin utilizar informaci\u00f3n adicional, siempre que dicha informaci\u00f3n adicional figure por separado y est\u00e9 sujeta a medidas t\u00e9cnicas y organizativas destinadas a garantizar que los datos personales no se atribuyan a una persona f\u00edsica identificada o identificable.<\/p>\n<p><strong>6. Sistema de archivos<\/strong><br \/>\u00abSistema de archivos\u00bb significa cualquier colecci\u00f3n estructurada de datos personales accesible seg\u00fan criterios espec\u00edficos, ya sea centralizada, descentralizada o dispersa sobre una base funcional o geogr\u00e1fica.<\/p>\n<p><strong>7. Responsable del tratamiento<\/strong><br \/>\u00abResponsable del tratamiento\u00bb: persona f\u00edsica o jur\u00eddica, autoridad p\u00fablica, agencia u otro organismo que, solo o junto con otros, determine los fines y medios del tratamiento de datos personales; cuando los fines y medios de dicho tratamiento est\u00e9n determinados por el Derecho de la Uni\u00f3n o de los Estados miembros, el responsable del tratamiento o los criterios espec\u00edficos para su nombramiento podr\u00e1n estar previstos por el Derecho de la Uni\u00f3n o de los Estados miembros.<\/p>\n<p><strong>8. Procesador<\/strong><br \/>\u00abEncargado del tratamiento\u00bb: persona f\u00edsica o jur\u00eddica, autoridad p\u00fablica, agencia u otro organismo que trate datos personales por cuenta del responsable del tratamiento.<\/p>\n<p><strong>9. Destinario<\/strong><br \/>\u00abDestinatario\u00bb: persona f\u00edsica o jur\u00eddica, autoridad p\u00fablica, agencia u otro organismo al que se revelan los datos personales, sea o no un tercero. Sin embargo, las autoridades p\u00fablicas que puedan recibir datos personales en el marco de una investigaci\u00f3n concreta de conformidad con el Derecho de la Uni\u00f3n o de los Estados miembros no se considerar\u00e1n destinatarios; el tratamiento de esos datos por parte de dichas autoridades p\u00fablicas ser\u00e1 conforme con las normas de protecci\u00f3n de datos aplicables a los fines del tratamiento. <\/p>\n<p><strong>10. Tercero<\/strong><br \/>\u00abTercero\u00bb significa una persona f\u00edsica o jur\u00eddica, autoridad p\u00fablica, agencia u organismo distinto del interesado, del responsable del tratamiento, del encargado del tratamiento y de las personas que, bajo la autoridad directa del responsable del tratamiento o del encargado del tratamiento, est\u00e1n autorizadas a tratar los datos personales.<\/p>\n<p><strong>11. Consentimiento<\/strong><br \/>El \u00abconsentimiento\u00bb del interesado es toda manifestaci\u00f3n de voluntad libre, espec\u00edfica, informada e inequ\u00edvoca por la que el interesado acepta, ya sea mediante una declaraci\u00f3n o una clara acci\u00f3n afirmativa, el tratamiento de datos personales que le conciernen.<\/p>\n<p><strong>Licitud del tratamiento<\/strong><\/p>\n<p>El tratamiento de datos personales solo es l\u00edcito si existe una base jur\u00eddica para el tratamiento. De conformidad con el art\u00edculo 6, apartado 1, lit. a &#8211; f del RGPD, la base legal para el procesamiento puede ser, en particular: <\/p>\n<p>a. el interesado ha dado su consentimiento para el procesamiento de sus datos personales para uno o m\u00e1s prop\u00f3sitos espec\u00edficos;<br \/>b. el procesamiento es necesario para la ejecuci\u00f3n de un contrato en el que el interesado es parte o para tomar medidas a petici\u00f3n del interesado antes de celebrar un contrato;<br \/>c. el tratamiento es necesario para el cumplimiento de una obligaci\u00f3n legal a la que est\u00e1 sujeto el responsable del tratamiento;<br \/>d. el tratamiento es necesario para proteger los intereses vitales del interesado o de otra persona f\u00edsica;<br \/>e. el tratamiento es necesario para el cumplimiento de una misi\u00f3n realizada en inter\u00e9s p\u00fablico o en el ejercicio de poderes p\u00fablicos conferidos al responsable del tratamiento;<br \/>f. el tratamiento es necesario para la satisfacci\u00f3n de intereses leg\u00edtimos perseguidos por el responsable del tratamiento o por un tercero, siempre que sobre dichos intereses no prevalezcan los intereses o los derechos y libertades fundamentales del interesado que requieran la protecci\u00f3n de datos personales, en particular cuando el interesado sea un ni\u00f1o.<\/p>\n<p><strong>Informaci\u00f3n sobre la recogida de datos personales<\/strong><\/p>\n<p>(1) A continuaci\u00f3n, le informaremos sobre la recogida de datos personales al utilizar nuestro sitio web. Los datos personales incluyen, por ejemplo, el nombre, la direcci\u00f3n, las direcciones de correo electr\u00f3nico y el comportamiento del usuario. <\/p>\n<p>(2) Cuando se pone en contacto con nosotros por correo electr\u00f3nico o mediante un formulario de contacto, almacenamos los datos que nos proporciona (su direcci\u00f3n de correo electr\u00f3nico, posiblemente su nombre y su n\u00famero de tel\u00e9fono) para responder a sus preguntas. Eliminamos los datos recopilados en este contexto una vez que ya no es necesario almacenarlos, o su procesamiento se restringe si existen obligaciones legales de conservarlos. <\/p>\n<p>Recopilaci\u00f3n de datos personales al visitar nuestro sitio web<br \/>Si utiliza nuestro sitio web \u00fanicamente con fines informativos, es decir, si no se registra ni nos proporciona informaci\u00f3n de otro modo, solo recopilamos los datos personales que su navegador transmite a nuestro servidor. Si desea ver nuestro sitio web, recopilamos los siguientes datos, que son t\u00e9cnicamente necesarios para que podamos mostrarle nuestro sitio web y garantizar la estabilidad y la seguridad (la base jur\u00eddica es el art\u00edculo 6, apartado 1, frase 1, letra f) del DSGVO): <\/p>\n<p>&#8211; Direcci\u00f3n IP<br \/>&#8211; Fecha y hora de la solicitud<br \/>&#8211; Diferencia de zona horaria con respecto a la hora media de Greenwich (GMT)<br \/>&#8211; Contenido de la solicitud (p\u00e1gina espec\u00edfica)<br \/>&#8211; Estado de acceso\/c\u00f3digo de estado HTTP<br \/>&#8211; Volumen de datos transferido respectivamente<br \/>&#8211; Sitio web del que procede la solicitud<br \/>&#8211; Navegador<br \/>&#8211; Sistema operativo y su interfaz<br \/>&#8211; Idioma y versi\u00f3n del software del navegador. <\/p>\n<p><strong>Uso de cookies<\/strong><\/p>\n<p>(1) Adem\u00e1s de los datos mencionados anteriormente, las cookies se almacenan en su ordenador cuando utiliza nuestro sitio web. Las cookies son peque\u00f1os archivos de texto que se almacenan en su disco duro y se asignan al navegador que est\u00e1 utilizando y a trav\u00e9s de los cuales fluye cierta informaci\u00f3n a la ubicaci\u00f3n que establece la cookie. Las cookies no pueden ejecutar ning\u00fan programa ni transmitir virus a su ordenador. Sirven para que la oferta de Internet sea m\u00e1s f\u00e1cil de usar y eficaz en general.   <\/p>\n<p>(2) Este sitio web utiliza los siguientes tipos de cookies, cuyo alcance y funcionamiento se explican a continuaci\u00f3n:<\/p>\n<p>&#8211; Cookies transitorias (v\u00e9ase a.)<br \/>&#8211; Cookies persistentes (v\u00e9ase b.).<\/p>\n<p>a. Las cookies transitorias se eliminan autom\u00e1ticamente cuando cierra el navegador. Entre ellas se incluyen, en particular, las cookies de sesi\u00f3n. Estas almacenan un llamado ID de sesi\u00f3n, que puede utilizarse para asignar varias solicitudes de su navegador a la sesi\u00f3n com\u00fan. Esto permite que su ordenador sea reconocido cuando regrese a nuestro sitio web. Las cookies de sesi\u00f3n se eliminan cuando cierra la sesi\u00f3n o el navegador.    <\/p>\n<p>b. Las cookies persistentes se eliminan autom\u00e1ticamente despu\u00e9s de un per\u00edodo espec\u00edfico, que puede variar seg\u00fan la cookie. Puede eliminar las cookies en cualquier momento utilizando la configuraci\u00f3n de seguridad de su navegador. <\/p>\n<p>c. Puede configurar los ajustes de su navegador seg\u00fan sus preferencias y, por ejemplo, rechazar las cookies de terceros o todas las cookies. Las denominadas \u00abcookies de terceros\u00bb son cookies que han sido establecidas por un tercero y no por el sitio web que est\u00e1 visitando actualmente. Tenga en cuenta que, si desactiva las cookies, es posible que no pueda utilizar todas las funciones de este sitio web.  <\/p>\n<p>d. Utilizamos cookies para identificarle en visitas posteriores si tiene una cuenta con nosotros. De lo contrario, tendr\u00eda que iniciar sesi\u00f3n de nuevo en cada visita. <\/p>\n<p><strong>Otras funciones y ofertas en nuestro sitio web<\/strong><\/p>\n<p>(1) Adem\u00e1s del uso puramente informativo de nuestro sitio web, ofrecemos diversos servicios que puede utilizar si est\u00e1 interesado. Para ello, normalmente tendr\u00e1 que proporcionar informaci\u00f3n personal adicional que utilizamos para prestar el servicio y a la que se aplican los principios de tratamiento de datos mencionados anteriormente. <\/p>\n<p>(2) En algunos casos, utilizamos proveedores de servicios externos para procesar sus datos. Estos han sido cuidadosamente seleccionados y contratados por nosotros, est\u00e1n sujetos a nuestras instrucciones y son supervisados regularmente. <\/p>\n<p>(3) Adem\u00e1s, podemos transmitir sus datos personales a terceros si ofrecemos la participaci\u00f3n en promociones, concursos, la celebraci\u00f3n de contratos o servicios similares junto con socios. Recibir\u00e1 informaci\u00f3n m\u00e1s detallada al respecto cuando facilite sus datos personales o al final de la descripci\u00f3n de la oferta. <\/p>\n<p>(4) Si nuestros proveedores de servicios o socios tienen su sede en un pa\u00eds fuera del Espacio Econ\u00f3mico Europeo (EEE), le informaremos de las consecuencias de esto en la descripci\u00f3n de la oferta.<\/p>\n<p><strong>Ni\u00f1os<\/strong><\/p>\n<p>Nuestra oferta est\u00e1 dirigida a adultos. Las personas menores de 18 a\u00f1os no deben transmitirnos ning\u00fan dato personal sin el consentimiento de sus padres o tutores legales. <\/p>\n<p><strong>Derechos de la persona interesada<\/strong><\/p>\n<p>(1) Revocaci\u00f3n del consentimiento<br \/>Si el tratamiento de datos personales se basa en un consentimiento otorgado, usted tiene derecho a revocar dicho consentimiento en cualquier momento. La revocaci\u00f3n del consentimiento no afecta a la legalidad del tratamiento realizado sobre la base del consentimiento hasta la revocaci\u00f3n. <\/p>\n<p>Puede ponerse en contacto con nosotros en cualquier momento para ejercer su derecho de revocaci\u00f3n.<\/p>\n<p>(2) Derecho de confirmaci\u00f3n<br \/>Tiene derecho a solicitar al responsable del tratamiento que confirme si estamos tratando datos personales que le conciernen. Puede solicitar esta confirmaci\u00f3n en cualquier momento utilizando los datos de contacto facilitados anteriormente. <\/p>\n<p>(3) Derecho de acceso<br \/>Si se tratan datos personales, puede solicitar acceso a estos datos personales y a la siguiente informaci\u00f3n en cualquier momento:<\/p>\n<p>a. los fines del tratamiento;<br \/>b. las categor\u00edas de datos personales en cuesti\u00f3n;<br \/>c. los destinatarios o categor\u00edas de destinatarios a los que se han comunicado o se comunicar\u00e1n los datos personales, en particular destinatarios en terceros pa\u00edses u organizaciones internacionales;<br \/>d. si es posible, la duraci\u00f3n prevista del almacenamiento de los datos personales o, si esto no es posible, los criterios para determinar dicha duraci\u00f3n;<br \/>e. la existencia de un derecho a solicitar al responsable del tratamiento la rectificaci\u00f3n o supresi\u00f3n de datos personales o la restricci\u00f3n del tratamiento de datos personales que le conciernen o a oponerse a dicho tratamiento;<br \/>f. el derecho a presentar una reclamaci\u00f3n ante una autoridad de control;<br \/>g. cuando los datos personales no se recojan del interesado, cualquier informaci\u00f3n disponible sobre su origen;<br \/>h. la existencia de decisiones automatizadas, incluida la elaboraci\u00f3n de perfiles, a que se refieren los apartados 1 y 4 del art\u00edculo 22 del RGPD y, al menos en tales casos, informaci\u00f3n significativa sobre la l\u00f3gica aplicada, as\u00ed como la importancia y las consecuencias previstas de dicho tratamiento para el interesado.<\/p>\n<p>Cuando los datos personales se transfieran a un tercer pa\u00eds o a una organizaci\u00f3n internacional, usted tiene derecho a ser informado de las garant\u00edas adecuadas de conformidad con el art\u00edculo 46 del RGPD en relaci\u00f3n con la transferencia. Le proporcionaremos una copia de los datos personales objeto de tratamiento. Por cualquier copia adicional que solicite, podremos cobrar una tarifa razonable basada en los costes administrativos. Si realiza la solicitud por v\u00eda electr\u00f3nica, la informaci\u00f3n se facilitar\u00e1 en un formato electr\u00f3nico de uso com\u00fan, a menos que usted solicite lo contrario. El derecho a recibir una copia seg\u00fan el p\u00e1rrafo 3 no afectar\u00e1 negativamente a los derechos y libertades de los dem\u00e1s.    <\/p>\n<p>(4) Derecho de rectificaci\u00f3n <br \/>Tiene derecho a solicitar que rectifiquemos cualquier dato personal inexacto que le concierna sin demora indebida. Teniendo en cuenta los fines del tratamiento, tiene derecho a que se completen los datos personales incompletos, incluso mediante una declaraci\u00f3n complementaria. <\/p>\n<p>(5) Derecho de supresi\u00f3n (\u00abderecho al olvido\u00bb)<br \/>Tiene derecho a obtener del responsable del tratamiento la supresi\u00f3n de los datos personales que le conciernen sin demora injustificada y tenemos la obligaci\u00f3n de suprimir los datos personales sin demora injustificada cuando se aplique uno de los siguientes motivos:<\/p>\n<p>a. los datos personales ya no son necesarios en relaci\u00f3n con los fines para los que fueron recogidos o tratados de otro modo;<br \/>b. el interesado retira el consentimiento en el que se basa el tratamiento con arreglo al art\u00edculo 6, apartado 1, letra a), o al art\u00edculo 9, apartado 2, letra a), del RGPD, y cuando no exista ning\u00fan otro fundamento jur\u00eddico para el tratamiento;<br \/>c. El interesado se opone al tratamiento de conformidad con el art\u00edculo 21, apartado 1, del GDPR y no existen razones leg\u00edtimas imperiosas para el tratamiento, o el interesado se opone al tratamiento de conformidad con el art\u00edculo 21, apartado 2, del GDPR.<br \/>d. Los datos personales han sido tratados ilegalmente.<br \/>e. Los datos personales deben suprimirse para cumplir una obligaci\u00f3n legal del Derecho de la Uni\u00f3n o de los Estados miembros a la que est\u00e9 sujeto el responsable del tratamiento.<br \/>f. Los datos personales se han recogido en relaci\u00f3n con la oferta de servicios de la sociedad de la informaci\u00f3n a que se refiere el art\u00edculo 8, apartado 1, del RGPD.<\/p>\n<p>Cuando el responsable del tratamiento haya hecho p\u00fablicos los datos personales y est\u00e9 obligado, en virtud del apartado 1, a suprimirlos, el responsable del tratamiento, teniendo en cuenta la tecnolog\u00eda disponible y el coste de su aplicaci\u00f3n, adoptar\u00e1 medidas razonables, incluidas medidas t\u00e9cnicas, para informar a los responsables del tratamiento que est\u00e9n tratando los datos personales de que el interesado ha solicitado que dichos responsables supriman cualquier enlace a esos datos personales, o cualquier copia o r\u00e9plica de los mismos.<\/p>\n<p>El derecho a la supresi\u00f3n (\u00abderecho al olvido\u00bb) no se aplica en la medida en que el tratamiento sea necesario<\/p>\n<p>&#8211; para el ejercicio del derecho a la libertad de expresi\u00f3n e informaci\u00f3n;<br \/>&#8211; para el cumplimiento de una obligaci\u00f3n jur\u00eddica que requiera un tratamiento en virtud del Derecho de la Uni\u00f3n o de los Estados miembros al que est\u00e9 sujeto el responsable del tratamiento, o para el cumplimiento de una misi\u00f3n de inter\u00e9s p\u00fablico o inherente al ejercicio del poder p\u00fablico conferido al responsable del tratamiento;<br \/>&#8211; por razones de inter\u00e9s p\u00fablico en el \u00e1mbito de la salud p\u00fablica, de conformidad con el art\u00edculo 9, apartado 2, letras h) e i), as\u00ed como con el art\u00edculo 9, apartado 3, del RGPD;<br \/>&#8211; para fines de archivo en inter\u00e9s p\u00fablico, fines de investigaci\u00f3n cient\u00edfica o hist\u00f3rica o fines estad\u00edsticos, de conformidad con el art\u00edculo 89, apartado 1, del RGPD, en la medida en que el derecho a que se refiere el apartado 1 pueda hacer imposible o perjudicar gravemente la consecuci\u00f3n de los objetivos de dicho tratamiento; o<br \/>&#8211; para el establecimiento, ejercicio o defensa de reclamaciones legales.<\/p>\n<p>(6) Derecho a la limitaci\u00f3n del tratamiento<br \/>Tiene derecho a solicitar que restrinjamos el tratamiento de sus datos personales si se da una de las siguientes condiciones:<\/p>\n<p>a. el interesado impugna la exactitud de los datos personales, durante un periodo que permita al responsable del tratamiento verificar la exactitud de los datos personales,<br \/>b. el tratamiento es il\u00edcito y el interesado rechaza la supresi\u00f3n de los datos personales y solicita en su lugar la limitaci\u00f3n de su uso<br \/>c. el responsable del tratamiento ya no necesite los datos personales para los fines del tratamiento, pero el interesado los necesite para el reconocimiento, el ejercicio o la defensa de un derecho en un procedimiento judicial; o<br \/>dd. el interesado se ha opuesto al tratamiento de conformidad con el art\u00edculo 21, apartado 1, del RGPD, a la espera de que se verifique si los motivos leg\u00edtimos del responsable del tratamiento prevalecen sobre los del interesado.<\/p>\n<p>Cuando el tratamiento se haya limitado de conformidad con las condiciones anteriores, dichos datos personales, a excepci\u00f3n del almacenamiento, s\u00f3lo se tratar\u00e1n con el consentimiento del interesado o para el reconocimiento, el ejercicio o la defensa de un derecho en un procedimiento judicial o para la protecci\u00f3n de los derechos de otra persona f\u00edsica o jur\u00eddica, o por razones de inter\u00e9s p\u00fablico importantes de la Uni\u00f3n o de un Estado miembro.<\/p>\n<p>Para ejercer el derecho a la limitaci\u00f3n del tratamiento, el interesado puede ponerse en contacto con nosotros en cualquier momento utilizando los datos de contacto facilitados anteriormente.<\/p>\n<p>(7) Derecho a la portabilidad de los datos<br \/>Tiene derecho a recibir los datos personales que le conciernan, que nos haya facilitado, en un formato estructurado, de uso com\u00fan y lectura mec\u00e1nica, y tiene derecho a transmitir dichos datos a otro responsable del tratamiento sin que el responsable al que se hayan facilitado los datos personales se lo impida, cuando<\/p>\n<p>a. el tratamiento se base en el consentimiento de conformidad con el art\u00edculo 6, apartado 1, letra a), o con el art\u00edculo 9, apartado 2, letra a), o en un contrato de conformidad con el art\u00edculo 6, apartado 1, letra b), del RGPD; y<\/p>\n<p>b. el tratamiento se lleva a cabo por medios automatizados.<\/p>\n<p>Al ejercer el derecho a la portabilidad de los datos de conformidad con el apartado 1, tiene derecho a que los datos personales se transfieran directamente de un responsable del tratamiento a otro, siempre que sea t\u00e9cnicamente posible. El ejercicio del derecho a la portabilidad de los datos se entender\u00e1 sin perjuicio del derecho a la supresi\u00f3n (\u00abderecho al olvido\u00bb). Este derecho no se aplicar\u00e1 al tratamiento necesario para el cumplimiento de una misi\u00f3n realizada en inter\u00e9s p\u00fablico o en el ejercicio de poderes p\u00fablicos conferidos al responsable del tratamiento.  <\/p>\n<p>(8) Derecho de oposici\u00f3n<br \/>Tiene derecho a oponerse, por motivos relacionados con su situaci\u00f3n particular, en cualquier momento al tratamiento de los datos personales que le conciernen basado en el art\u00edculo 6, apartado 1, letras e) o f), del RGPD, incluida la elaboraci\u00f3n de perfiles basada en dichas disposiciones. El responsable del tratamiento dejar\u00e1 de tratar los datos personales a menos que demuestre motivos leg\u00edtimos imperiosos para el tratamiento que prevalezcan sobre los intereses, los derechos y las libertades del interesado o para el reconocimiento, el ejercicio o la defensa de un derecho en un procedimiento judicial. <\/p>\n<p>Cuando se traten datos personales con fines de mercadotecnia directa, usted tendr\u00e1 derecho a oponerse en cualquier momento al tratamiento de los datos personales que le conciernan para dicha mercadotecnia, lo que incluye la elaboraci\u00f3n de perfiles en la medida en que est\u00e9 relacionada con dicha mercadotecnia directa. Si se opone al tratamiento con fines de venta directa, los datos personales dejar\u00e1n de tratarse con dichos fines. <\/p>\n<p>En el contexto de la utilizaci\u00f3n de los servicios de la sociedad de la informaci\u00f3n, y no obstante lo dispuesto en la Directiva 2002\/58\/CE, podr\u00e1 ejercer su derecho de oposici\u00f3n por medios automatizados utilizando especificaciones t\u00e9cnicas.<\/p>\n<p>Tiene derecho a oponerse, por motivos relacionados con su situaci\u00f3n particular, al tratamiento de datos personales que le conciernan y que se efect\u00fae con fines de investigaci\u00f3n cient\u00edfica o hist\u00f3rica o con fines estad\u00edsticos, de conformidad con el art\u00edculo 89, apartado 1, salvo que el tratamiento sea necesario para el cumplimiento de una misi\u00f3n realizada por razones de inter\u00e9s p\u00fablico.<\/p>\n<p>Puede ejercer su derecho de oposici\u00f3n en cualquier momento poni\u00e9ndose en contacto con el responsable del tratamiento correspondiente.<\/p>\n<p>(9) Toma de decisiones individuales automatizadas, incluida la elaboraci\u00f3n de perfiles<br \/>Tiene derecho a no ser objeto de una decisi\u00f3n basada \u00fanicamente en el tratamiento automatizado, incluida la elaboraci\u00f3n de perfiles, que produzca efectos jur\u00eddicos en su persona o le afecte de forma similar de manera significativa. Esto no se aplicar\u00e1 si la decisi\u00f3n <\/p>\n<p>a. es necesaria para celebrar o ejecutar un contrato entre el interesado y un responsable del tratamiento;<\/p>\n<p>b. est\u00e1 autorizada por el Derecho de la Uni\u00f3n o de los Estados miembros al que est\u00e1 sujeto el responsable del tratamiento y que tambi\u00e9n establece medidas adecuadas para salvaguardar los derechos y libertades del interesado y sus intereses leg\u00edtimos; o<\/p>\n<p>c. se base en el consentimiento expl\u00edcito del interesado.<\/p>\n<p>El responsable del tratamiento aplicar\u00e1 las medidas adecuadas para salvaguardar los derechos y libertades y los intereses leg\u00edtimos del interesado, al menos el derecho a obtener la intervenci\u00f3n humana por parte del responsable del tratamiento, a expresar su punto de vista y a impugnar la decisi\u00f3n.<\/p>\n<p>El interesado podr\u00e1 ejercer este derecho en cualquier momento poni\u00e9ndose en contacto con el responsable del tratamiento.<\/p>\n<p>(10) Derecho a presentar una reclamaci\u00f3n ante una autoridad de control<br \/>Sin perjuicio de cualquier otro recurso administrativo o judicial, tendr\u00e1 derecho a presentar una reclamaci\u00f3n ante una autoridad de control, en particular en el Estado miembro de su residencia habitual, lugar de trabajo o lugar de la presunta infracci\u00f3n, si el interesado considera que el tratamiento de los datos personales que le conciernen infringe el presente Reglamento.<\/p>\n<p>(11) Derecho a un recurso judicial efectivo<br \/>Sin perjuicio de cualquier recurso administrativo o extrajudicial disponible, incluido el derecho a presentar una reclamaci\u00f3n ante una autoridad de control de conformidad con el art\u00edculo 77 del GDPR, tendr\u00e1 derecho a un recurso judicial si considera que se han infringido sus derechos en virtud del presente Reglamento como resultado del tratamiento de sus datos personales en incumplimiento del presente Reglamento. <\/p>\n<p><strong>Inclusi\u00f3n de Google Maps<\/strong><\/p>\n<p>(1) En este sitio web utilizamos el servicio Google Maps. Esto nos permite mostrar mapas interactivos directamente en el sitio web y le permite utilizar c\u00f3modamente la funci\u00f3n de mapas. <\/p>\n<p>(2) Cuando visita el sitio web, Google recibe la informaci\u00f3n de que ha accedido a la subp\u00e1gina correspondiente de nuestro sitio web. Adem\u00e1s, se transmitir\u00e1n los datos mencionados en el \u00a7 3 de esta declaraci\u00f3n. Esto ocurre independientemente de si Google proporciona una cuenta de usuario en la que usted ha iniciado sesi\u00f3n o si no existe ninguna cuenta de usuario. Si ha iniciado sesi\u00f3n en Google, sus datos se asociar\u00e1n directamente a su cuenta. Si no desea que se asocie a su perfil en Google, debe cerrar la sesi\u00f3n antes de activar el bot\u00f3n. Google almacena sus datos como perfil de usuario y los utiliza con fines publicitarios, de investigaci\u00f3n de mercado y\/o para el dise\u00f1o de su sitio web en funci\u00f3n de las necesidades. Dicha evaluaci\u00f3n se lleva a cabo en particular (incluso para los usuarios que no han iniciado sesi\u00f3n) para proporcionar publicidad basada en las necesidades y para informar a otros usuarios de la red social sobre sus actividades en nuestro sitio web. Usted tiene derecho a oponerse a la creaci\u00f3n de este perfil de usuario, pero debe ponerse en contacto con Google para ejercer este derecho.       <\/p>\n<p>(3) Encontrar\u00e1 m\u00e1s informaci\u00f3n sobre la finalidad y el alcance de la recopilaci\u00f3n de datos y su tratamiento por parte del proveedor del plug-in en las declaraciones de protecci\u00f3n de datos del proveedor. Estas tambi\u00e9n contienen m\u00e1s informaci\u00f3n sobre sus derechos a este respecto y las opciones de configuraci\u00f3n para proteger su privacidad: <a href=\"http:\/\/www.google.de\/intl\/de\/policies\/privacy\" target=\"_blank\" rel=\"noopener\">www.google.de\/intl\/de\/policies\/privacy<\/a>. Google tambi\u00e9n procesa sus datos personales en los Estados Unidos y se ha sometido al Escudo de Privacidad UE-EE.UU., <a href=\"https:\/\/www.privacyshield.gov\/EU-US-Framework\" target=\"_blank\" rel=\"noopener\">www.privacyshield.gov\/EU-US-Framework<\/a>.  <\/p>\n<p><strong>Uso de Matomo<\/strong><\/p>\n<p>(1) Este sitio web utiliza el servicio de an\u00e1lisis web Matomo para analizar y mejorar peri\u00f3dicamente el uso de nuestro sitio web. Las estad\u00edsticas obtenidas nos permiten mejorar nuestra oferta y hacerla m\u00e1s interesante para usted como usuario. La base jur\u00eddica para el uso de Matomo es el art. 6 (1) 1 lit. f GDPR.    <\/p>\n<p>(2) Para este an\u00e1lisis, se almacenan cookies en su ordenador. La informaci\u00f3n recopilada de esta manera es almacenada por el controlador exclusivamente en su servidor en [Deutschland]. Puede detener el an\u00e1lisis eliminando las cookies existentes e impidiendo el almacenamiento de cookies. Si impide el almacenamiento de cookies, le advertimos de que es posible que no pueda utilizar todas las funciones de este sitio web. Puede impedir el almacenamiento de cookies ajustando la configuraci\u00f3n de su navegador. Puede evitar el uso de Matomo eliminando la siguiente marca y activando el complemento de inhabilitaci\u00f3n. Puede hacerlo al final de esta p\u00e1gina.      <\/p>\n<p>(3) Este sitio web utiliza Matomo con la extensi\u00f3n \u00abAnonymizeIP\u00bb. Esto significa que las direcciones IP se procesan posteriormente de forma abreviada, excluyendo as\u00ed la posibilidad de una referencia personal directa. La direcci\u00f3n IP transmitida por su navegador mediante Matomo no se fusiona con otros datos recopilados por nosotros.  <\/p>\n<p>(4) El programa Matomo es un proyecto de c\u00f3digo abierto. La informaci\u00f3n del proveedor externo sobre protecci\u00f3n de datos puede consultarse en <a href=\"http:\/\/matomo.org\/privacy-policy\/\" target=\"_blank\" rel=\"noopener\">matomo.org\/privacy-policy\/<\/a> <\/p>\n\t\t\t\t\t\t\t\t<\/div>\n\t\t\t\t<\/div>\n\t\t\t\t\t<\/div>\n\t\t\t\t<\/div>\n\t\t\t\t<\/div>\n\t\t","protected":false},"excerpt":{"rendered":"<p>Pol\u00edtica de privacidad Nombre y datos de contacto del responsable del tratamiento de conformidad con el art\u00edculo 4, apartado 7, del RGPD Empresa: Rehm race days GmbHDirecci\u00f3n: Wachau 6, 89584 Ehingen, AlemaniaTel\u00e9fono: +49 (0) 7391 755 80 67Correo electr\u00f3nico: info@rehmracedays.com Persona de contacto: Karl Rehm Seguridad y protecci\u00f3n de sus datos personales Consideramos que nuestra [&hellip;]<\/p>\n","protected":false},"author":1,"featured_media":0,"parent":0,"menu_order":0,"comment_status":"closed","ping_status":"closed","template":"","meta":{"postBodyCss":"","postBodyMargin":[],"postBodyPadding":[],"postBodyBackground":{"backgroundType":"classic","gradient":""},"footnotes":""},"class_list":["post-4434","page","type-page","status-publish","hentry"],"yoast_head":"<!-- This site is optimized with the Yoast SEO plugin v27.0 - https:\/\/yoast.com\/product\/yoast-seo-wordpress\/ -->\n<title>Pol\u00edtica de privacidad - Rehm Race Days<\/title>\n<meta name=\"robots\" content=\"index, follow, max-snippet:-1, max-image-preview:large, max-video-preview:-1\" \/>\n<link rel=\"canonical\" href=\"https:\/\/www.rehmracedays.com\/es\/politica-de-privacidad\/\" \/>\n<meta property=\"og:locale\" content=\"es_ES\" \/>\n<meta property=\"og:type\" content=\"article\" \/>\n<meta property=\"og:title\" content=\"Pol\u00edtica de privacidad - Rehm Race Days\" \/>\n<meta property=\"og:description\" content=\"Pol\u00edtica de privacidad Nombre y datos de contacto del responsable del tratamiento de conformidad con el art\u00edculo 4, apartado 7, del RGPD Empresa: Rehm race days GmbHDirecci\u00f3n: Wachau 6, 89584 Ehingen, AlemaniaTel\u00e9fono: +49 (0) 7391 755 80 67Correo electr\u00f3nico: info@rehmracedays.com Persona de contacto: Karl Rehm Seguridad y protecci\u00f3n de sus datos personales Consideramos que nuestra [&hellip;]\" \/>\n<meta property=\"og:url\" content=\"https:\/\/www.rehmracedays.com\/es\/politica-de-privacidad\/\" \/>\n<meta property=\"og:site_name\" content=\"Rehm Race Days\" \/>\n<meta property=\"article:modified_time\" content=\"2025-03-26T15:29:40+00:00\" \/>\n<meta name=\"twitter:card\" content=\"summary_large_image\" \/>\n<meta name=\"twitter:label1\" content=\"Tiempo de lectura\" \/>\n\t<meta name=\"twitter:data1\" content=\"23 minutos\" \/>\n<script type=\"application\/ld+json\" class=\"yoast-schema-graph\">{\"@context\":\"https:\/\/schema.org\",\"@graph\":[{\"@type\":\"WebPage\",\"@id\":\"https:\/\/www.rehmracedays.com\/es\/politica-de-privacidad\/\",\"url\":\"https:\/\/www.rehmracedays.com\/es\/politica-de-privacidad\/\",\"name\":\"Pol\u00edtica de privacidad - Rehm Race Days\",\"isPartOf\":{\"@id\":\"https:\/\/www.rehmracedays.com\/es\/#website\"},\"datePublished\":\"2024-11-07T08:10:08+00:00\",\"dateModified\":\"2025-03-26T15:29:40+00:00\",\"breadcrumb\":{\"@id\":\"https:\/\/www.rehmracedays.com\/es\/politica-de-privacidad\/#breadcrumb\"},\"inLanguage\":\"es\",\"potentialAction\":[{\"@type\":\"ReadAction\",\"target\":[\"https:\/\/www.rehmracedays.com\/es\/politica-de-privacidad\/\"]}]},{\"@type\":\"BreadcrumbList\",\"@id\":\"https:\/\/www.rehmracedays.com\/es\/politica-de-privacidad\/#breadcrumb\",\"itemListElement\":[{\"@type\":\"ListItem\",\"position\":1,\"name\":\"Startseite\",\"item\":\"https:\/\/www.rehmracedays.com\/es\/\"},{\"@type\":\"ListItem\",\"position\":2,\"name\":\"Pol\u00edtica de privacidad\"}]},{\"@type\":\"WebSite\",\"@id\":\"https:\/\/www.rehmracedays.com\/es\/#website\",\"url\":\"https:\/\/www.rehmracedays.com\/es\/\",\"name\":\"Rehm Race Days\",\"description\":\"Motorrad auf der Rennstrecke fahren\",\"publisher\":{\"@id\":\"https:\/\/www.rehmracedays.com\/es\/#organization\"},\"potentialAction\":[{\"@type\":\"SearchAction\",\"target\":{\"@type\":\"EntryPoint\",\"urlTemplate\":\"https:\/\/www.rehmracedays.com\/es\/?s={search_term_string}\"},\"query-input\":{\"@type\":\"PropertyValueSpecification\",\"valueRequired\":true,\"valueName\":\"search_term_string\"}}],\"inLanguage\":\"es\"},{\"@type\":\"Organization\",\"@id\":\"https:\/\/www.rehmracedays.com\/es\/#organization\",\"name\":\"Rehm Race Days\",\"url\":\"https:\/\/www.rehmracedays.com\/es\/\",\"logo\":{\"@type\":\"ImageObject\",\"inLanguage\":\"es\",\"@id\":\"https:\/\/www.rehmracedays.com\/es\/#\/schema\/logo\/image\/\",\"url\":\"https:\/\/www.rehmracedays.com\/wp-content\/uploads\/2024\/11\/logorehm.png\",\"contentUrl\":\"https:\/\/www.rehmracedays.com\/wp-content\/uploads\/2024\/11\/logorehm.png\",\"width\":304,\"height\":79,\"caption\":\"Rehm Race Days\"},\"image\":{\"@id\":\"https:\/\/www.rehmracedays.com\/es\/#\/schema\/logo\/image\/\"}}]}<\/script>\n<!-- \/ Yoast SEO plugin. -->","yoast_head_json":{"title":"Pol\u00edtica de privacidad - Rehm Race Days","robots":{"index":"index","follow":"follow","max-snippet":"max-snippet:-1","max-image-preview":"max-image-preview:large","max-video-preview":"max-video-preview:-1"},"canonical":"https:\/\/www.rehmracedays.com\/es\/politica-de-privacidad\/","og_locale":"es_ES","og_type":"article","og_title":"Pol\u00edtica de privacidad - Rehm Race Days","og_description":"Pol\u00edtica de privacidad Nombre y datos de contacto del responsable del tratamiento de conformidad con el art\u00edculo 4, apartado 7, del RGPD Empresa: Rehm race days GmbHDirecci\u00f3n: Wachau 6, 89584 Ehingen, AlemaniaTel\u00e9fono: +49 (0) 7391 755 80 67Correo electr\u00f3nico: info@rehmracedays.com Persona de contacto: Karl Rehm Seguridad y protecci\u00f3n de sus datos personales Consideramos que nuestra [&hellip;]","og_url":"https:\/\/www.rehmracedays.com\/es\/politica-de-privacidad\/","og_site_name":"Rehm Race Days","article_modified_time":"2025-03-26T15:29:40+00:00","twitter_card":"summary_large_image","twitter_misc":{"Tiempo de lectura":"23 minutos"},"schema":{"@context":"https:\/\/schema.org","@graph":[{"@type":"WebPage","@id":"https:\/\/www.rehmracedays.com\/es\/politica-de-privacidad\/","url":"https:\/\/www.rehmracedays.com\/es\/politica-de-privacidad\/","name":"Pol\u00edtica de privacidad - Rehm Race Days","isPartOf":{"@id":"https:\/\/www.rehmracedays.com\/es\/#website"},"datePublished":"2024-11-07T08:10:08+00:00","dateModified":"2025-03-26T15:29:40+00:00","breadcrumb":{"@id":"https:\/\/www.rehmracedays.com\/es\/politica-de-privacidad\/#breadcrumb"},"inLanguage":"es","potentialAction":[{"@type":"ReadAction","target":["https:\/\/www.rehmracedays.com\/es\/politica-de-privacidad\/"]}]},{"@type":"BreadcrumbList","@id":"https:\/\/www.rehmracedays.com\/es\/politica-de-privacidad\/#breadcrumb","itemListElement":[{"@type":"ListItem","position":1,"name":"Startseite","item":"https:\/\/www.rehmracedays.com\/es\/"},{"@type":"ListItem","position":2,"name":"Pol\u00edtica de privacidad"}]},{"@type":"WebSite","@id":"https:\/\/www.rehmracedays.com\/es\/#website","url":"https:\/\/www.rehmracedays.com\/es\/","name":"Rehm Race Days","description":"Motorrad auf der Rennstrecke fahren","publisher":{"@id":"https:\/\/www.rehmracedays.com\/es\/#organization"},"potentialAction":[{"@type":"SearchAction","target":{"@type":"EntryPoint","urlTemplate":"https:\/\/www.rehmracedays.com\/es\/?s={search_term_string}"},"query-input":{"@type":"PropertyValueSpecification","valueRequired":true,"valueName":"search_term_string"}}],"inLanguage":"es"},{"@type":"Organization","@id":"https:\/\/www.rehmracedays.com\/es\/#organization","name":"Rehm Race Days","url":"https:\/\/www.rehmracedays.com\/es\/","logo":{"@type":"ImageObject","inLanguage":"es","@id":"https:\/\/www.rehmracedays.com\/es\/#\/schema\/logo\/image\/","url":"https:\/\/www.rehmracedays.com\/wp-content\/uploads\/2024\/11\/logorehm.png","contentUrl":"https:\/\/www.rehmracedays.com\/wp-content\/uploads\/2024\/11\/logorehm.png","width":304,"height":79,"caption":"Rehm Race Days"},"image":{"@id":"https:\/\/www.rehmracedays.com\/es\/#\/schema\/logo\/image\/"}}]}},"meta_box":[],"_links":{"self":[{"href":"https:\/\/www.rehmracedays.com\/es\/wp-json\/wp\/v2\/pages\/4434","targetHints":{"allow":["GET"]}}],"collection":[{"href":"https:\/\/www.rehmracedays.com\/es\/wp-json\/wp\/v2\/pages"}],"about":[{"href":"https:\/\/www.rehmracedays.com\/es\/wp-json\/wp\/v2\/types\/page"}],"author":[{"embeddable":true,"href":"https:\/\/www.rehmracedays.com\/es\/wp-json\/wp\/v2\/users\/1"}],"replies":[{"embeddable":true,"href":"https:\/\/www.rehmracedays.com\/es\/wp-json\/wp\/v2\/comments?post=4434"}],"version-history":[{"count":0,"href":"https:\/\/www.rehmracedays.com\/es\/wp-json\/wp\/v2\/pages\/4434\/revisions"}],"wp:attachment":[{"href":"https:\/\/www.rehmracedays.com\/es\/wp-json\/wp\/v2\/media?parent=4434"}],"curies":[{"name":"wp","href":"https:\/\/api.w.org\/{rel}","templated":true}]}}