{"id":4469,"date":"2024-11-07T08:10:08","date_gmt":"2024-11-07T08:10:08","guid":{"rendered":"https:\/\/booking.rehmracedays.de\/mentions-legales\/"},"modified":"2025-04-06T10:38:08","modified_gmt":"2025-04-06T10:38:08","slug":"mentions-legales","status":"publish","type":"page","link":"https:\/\/www.rehmracedays.com\/fr\/mentions-legales\/","title":{"rendered":"Mentions l\u00e9gales"},"content":{"rendered":"\t\t<div data-elementor-type=\"wp-page\" data-elementor-id=\"4469\" class=\"elementor elementor-4469 elementor-18\" data-elementor-post-type=\"page\">\n\t\t\t\t<div class=\"elementor-element elementor-element-ab1a60f e-flex e-con-boxed e-con e-parent\" data-id=\"ab1a60f\" data-element_type=\"container\" data-e-type=\"container\">\n\t\t\t\t\t<div class=\"e-con-inner\">\n\t\t\t\t<div class=\"elementor-element elementor-element-6796f17 elementor-widget elementor-widget-spacer\" data-id=\"6796f17\" data-element_type=\"widget\" data-e-type=\"widget\" data-widget_type=\"spacer.default\">\n\t\t\t\t<div class=\"elementor-widget-container\">\n\t\t\t\t\t\t\t<div class=\"elementor-spacer\">\n\t\t\t<div class=\"elementor-spacer-inner\"><\/div>\n\t\t<\/div>\n\t\t\t\t\t\t<\/div>\n\t\t\t\t<\/div>\n\t\t\t\t\t<\/div>\n\t\t\t\t<\/div>\n\t\t<div class=\"elementor-element elementor-element-7de9cd5 e-flex e-con-boxed e-con e-parent\" data-id=\"7de9cd5\" data-element_type=\"container\" data-e-type=\"container\">\n\t\t\t\t\t<div class=\"e-con-inner\">\n\t\t\t\t<div class=\"elementor-element elementor-element-82c29f7 elementor-widget elementor-widget-text-editor\" data-id=\"82c29f7\" data-element_type=\"widget\" data-e-type=\"widget\" data-widget_type=\"text-editor.default\">\n\t\t\t\t<div class=\"elementor-widget-container\">\n\t\t\t\t\t\t\t\t\t<p><strong>Rehm race days GmbH<\/strong><\/p>\n<p>Wachau 6<br>89584 Ehingen<br>Deutschland<\/p>\n<p>Directeur g\u00e9n\u00e9ral autoris\u00e9 :<br>Karl Rehm<\/p>\n<p><strong>Contact :<\/strong><\/p>\n<p>Telefon: +49 (0) 7391 755 80 67<br>E-Mail: info@rehmracedays.com<\/p>\n<p><strong>Inscription au registre :<\/strong><\/p>\n<p>Si\u00e8ge social :<br>Wachau 6<br>89584 Ehingen<br>Allemagne<\/p>\n<p>Tribunal d&rsquo;enregistrement :<br>Amtsgericht Ulm<\/p>\n<p>Num\u00e9ro de registre :<br>HRB 737699<\/p>\n<p><strong>Num\u00e9ro d&rsquo;immatriculation \u00e0 la TVA conform\u00e9ment \u00e0 l&rsquo;article 27a de la loi sur la TVA :<\/strong><\/p>\n<p>DE815797828<\/p>\n<p>FMI Organisatoren-Lizenz (SPEED): N\u00b0 O\/136\/2025<\/p>\n<p><strong>R\u00e9solution des litiges en ligne<\/strong><br>La Commission europ\u00e9enne met \u00e0 disposition une plateforme de r\u00e9solution des litiges en ligne \u00e0 l&rsquo;adresse <a href=\"https:\/\/ec.europa.eu\/consumers\/odr\/\" target=\"_blank\" rel=\"noopener\">ec.europa.eu\/consumers\/odr\/<\/a> , que les consommateurs peuvent utiliser pour r\u00e9soudre un litige et o\u00f9 des informations compl\u00e9mentaires sur la r\u00e9solution des litiges peuvent \u00eatre trouv\u00e9es.<\/p>\n<p><strong>R\u00e9solution extrajudiciaire des litiges<\/strong><br>Nous ne sommes ni oblig\u00e9s ni dispos\u00e9s \u00e0 participer \u00e0 une proc\u00e9dure de r\u00e9solution des litiges devant une commission d&rsquo;arbitrage des consommateurs en cas de litige avec un consommateur.<\/p>\n<p><span style=\"font-weight: bolder;\">Informations sur la validit\u00e9 des versions linguistiques<\/span><br><span style=\"color: var( --e-global-color-text ); font-family: var( --e-global-typography-text-font-family ), Sans-serif; font-weight: var( --e-global-typography-text-font-weight ); text-align: var(--text-align); font-size: 1rem;\">Ce site Internet est disponible en plusieurs langues. Veuillez noter que des divergences peuvent survenir en raison du processus de traduction. En cas de doute, la version originale allemande fait foi.  <\/span><\/p>\n<p><strong style=\"color: var( --e-global-color-text ); font-family: var( --e-global-typography-text-font-family ), Sans-serif; text-align: var(--text-align); font-size: 1rem;\">Conception et programmation de sites web<\/strong><\/p>\n<p><a href=\"https:\/\/external.at\">External IT Solutions e.U.<\/a><\/p>\t\t\t\t\t\t\t\t<\/div>\n\t\t\t\t<\/div>\n\t\t\t\t\t<\/div>\n\t\t\t\t<\/div>\n\t\t\t\t<\/div>\n\t\t","protected":false},"excerpt":{"rendered":"<p>Rehm race days GmbH Wachau 689584 EhingenDeutschland Directeur g\u00e9n\u00e9ral autoris\u00e9 :Karl Rehm Contact : Telefon: +49 (0) 7391 755 80 67E-Mail: info@rehmracedays.com Inscription au registre : Si\u00e8ge social :Wachau 689584 EhingenAllemagne Tribunal d&rsquo;enregistrement :Amtsgericht Ulm Num\u00e9ro de registre :HRB 737699 Num\u00e9ro d&rsquo;immatriculation \u00e0 la TVA conform\u00e9ment \u00e0 l&rsquo;article 27a de la loi sur la TVA [&hellip;]<\/p>\n","protected":false},"author":1,"featured_media":0,"parent":0,"menu_order":0,"comment_status":"closed","ping_status":"closed","template":"","meta":{"postBodyCss":"","postBodyMargin":[],"postBodyPadding":[],"postBodyBackground":{"backgroundType":"classic","gradient":""},"footnotes":""},"class_list":["post-4469","page","type-page","status-publish","hentry"],"yoast_head":"<!-- This site is optimized with the Yoast SEO plugin v27.0 - https:\/\/yoast.com\/product\/yoast-seo-wordpress\/ -->\n<title>Mentions l\u00e9gales - Rehm Race Days<\/title>\n<meta name=\"robots\" content=\"index, follow, max-snippet:-1, max-image-preview:large, max-video-preview:-1\" \/>\n<link rel=\"canonical\" href=\"https:\/\/www.rehmracedays.com\/fr\/mentions-legales\/\" \/>\n<meta property=\"og:locale\" content=\"fr_FR\" \/>\n<meta property=\"og:type\" content=\"article\" \/>\n<meta property=\"og:title\" content=\"Mentions l\u00e9gales - Rehm Race Days\" \/>\n<meta property=\"og:description\" content=\"Rehm race days GmbH Wachau 689584 EhingenDeutschland Directeur g\u00e9n\u00e9ral autoris\u00e9 :Karl Rehm Contact : Telefon: +49 (0) 7391 755 80 67E-Mail: info@rehmracedays.com Inscription au registre : Si\u00e8ge social :Wachau 689584 EhingenAllemagne Tribunal d&rsquo;enregistrement :Amtsgericht Ulm Num\u00e9ro de registre :HRB 737699 Num\u00e9ro d&rsquo;immatriculation \u00e0 la TVA conform\u00e9ment \u00e0 l&rsquo;article 27a de la loi sur la TVA [&hellip;]\" \/>\n<meta property=\"og:url\" content=\"https:\/\/www.rehmracedays.com\/fr\/mentions-legales\/\" \/>\n<meta property=\"og:site_name\" content=\"Rehm Race Days\" \/>\n<meta property=\"article:modified_time\" content=\"2025-04-06T10:38:08+00:00\" \/>\n<meta name=\"twitter:card\" content=\"summary_large_image\" \/>\n<meta name=\"twitter:label1\" content=\"Dur\u00e9e de lecture estim\u00e9e\" \/>\n\t<meta name=\"twitter:data1\" content=\"1 minute\" \/>\n<script type=\"application\/ld+json\" class=\"yoast-schema-graph\">{\"@context\":\"https:\/\/schema.org\",\"@graph\":[{\"@type\":\"WebPage\",\"@id\":\"https:\/\/www.rehmracedays.com\/fr\/mentions-legales\/\",\"url\":\"https:\/\/www.rehmracedays.com\/fr\/mentions-legales\/\",\"name\":\"Mentions l\u00e9gales - Rehm Race Days\",\"isPartOf\":{\"@id\":\"https:\/\/www.rehmracedays.com\/fr\/#website\"},\"datePublished\":\"2024-11-07T08:10:08+00:00\",\"dateModified\":\"2025-04-06T10:38:08+00:00\",\"breadcrumb\":{\"@id\":\"https:\/\/www.rehmracedays.com\/fr\/mentions-legales\/#breadcrumb\"},\"inLanguage\":\"fr-FR\",\"potentialAction\":[{\"@type\":\"ReadAction\",\"target\":[\"https:\/\/www.rehmracedays.com\/fr\/mentions-legales\/\"]}]},{\"@type\":\"BreadcrumbList\",\"@id\":\"https:\/\/www.rehmracedays.com\/fr\/mentions-legales\/#breadcrumb\",\"itemListElement\":[{\"@type\":\"ListItem\",\"position\":1,\"name\":\"Startseite\",\"item\":\"https:\/\/www.rehmracedays.com\/fr\/\"},{\"@type\":\"ListItem\",\"position\":2,\"name\":\"Mentions l\u00e9gales\"}]},{\"@type\":\"WebSite\",\"@id\":\"https:\/\/www.rehmracedays.com\/fr\/#website\",\"url\":\"https:\/\/www.rehmracedays.com\/fr\/\",\"name\":\"Rehm Race Days\",\"description\":\"Motorrad auf der Rennstrecke fahren\",\"publisher\":{\"@id\":\"https:\/\/www.rehmracedays.com\/fr\/#organization\"},\"potentialAction\":[{\"@type\":\"SearchAction\",\"target\":{\"@type\":\"EntryPoint\",\"urlTemplate\":\"https:\/\/www.rehmracedays.com\/fr\/?s={search_term_string}\"},\"query-input\":{\"@type\":\"PropertyValueSpecification\",\"valueRequired\":true,\"valueName\":\"search_term_string\"}}],\"inLanguage\":\"fr-FR\"},{\"@type\":\"Organization\",\"@id\":\"https:\/\/www.rehmracedays.com\/fr\/#organization\",\"name\":\"Rehm Race Days\",\"url\":\"https:\/\/www.rehmracedays.com\/fr\/\",\"logo\":{\"@type\":\"ImageObject\",\"inLanguage\":\"fr-FR\",\"@id\":\"https:\/\/www.rehmracedays.com\/fr\/#\/schema\/logo\/image\/\",\"url\":\"https:\/\/www.rehmracedays.com\/wp-content\/uploads\/2024\/11\/logorehm.png\",\"contentUrl\":\"https:\/\/www.rehmracedays.com\/wp-content\/uploads\/2024\/11\/logorehm.png\",\"width\":304,\"height\":79,\"caption\":\"Rehm Race Days\"},\"image\":{\"@id\":\"https:\/\/www.rehmracedays.com\/fr\/#\/schema\/logo\/image\/\"}}]}<\/script>\n<!-- \/ Yoast SEO plugin. -->","yoast_head_json":{"title":"Mentions l\u00e9gales - Rehm Race Days","robots":{"index":"index","follow":"follow","max-snippet":"max-snippet:-1","max-image-preview":"max-image-preview:large","max-video-preview":"max-video-preview:-1"},"canonical":"https:\/\/www.rehmracedays.com\/fr\/mentions-legales\/","og_locale":"fr_FR","og_type":"article","og_title":"Mentions l\u00e9gales - Rehm Race Days","og_description":"Rehm race days GmbH Wachau 689584 EhingenDeutschland Directeur g\u00e9n\u00e9ral autoris\u00e9 :Karl Rehm Contact : Telefon: +49 (0) 7391 755 80 67E-Mail: info@rehmracedays.com Inscription au registre : Si\u00e8ge social :Wachau 689584 EhingenAllemagne Tribunal d&rsquo;enregistrement :Amtsgericht Ulm Num\u00e9ro de registre :HRB 737699 Num\u00e9ro d&rsquo;immatriculation \u00e0 la TVA conform\u00e9ment \u00e0 l&rsquo;article 27a de la loi sur la TVA [&hellip;]","og_url":"https:\/\/www.rehmracedays.com\/fr\/mentions-legales\/","og_site_name":"Rehm Race Days","article_modified_time":"2025-04-06T10:38:08+00:00","twitter_card":"summary_large_image","twitter_misc":{"Dur\u00e9e de lecture estim\u00e9e":"1 minute"},"schema":{"@context":"https:\/\/schema.org","@graph":[{"@type":"WebPage","@id":"https:\/\/www.rehmracedays.com\/fr\/mentions-legales\/","url":"https:\/\/www.rehmracedays.com\/fr\/mentions-legales\/","name":"Mentions l\u00e9gales - Rehm Race Days","isPartOf":{"@id":"https:\/\/www.rehmracedays.com\/fr\/#website"},"datePublished":"2024-11-07T08:10:08+00:00","dateModified":"2025-04-06T10:38:08+00:00","breadcrumb":{"@id":"https:\/\/www.rehmracedays.com\/fr\/mentions-legales\/#breadcrumb"},"inLanguage":"fr-FR","potentialAction":[{"@type":"ReadAction","target":["https:\/\/www.rehmracedays.com\/fr\/mentions-legales\/"]}]},{"@type":"BreadcrumbList","@id":"https:\/\/www.rehmracedays.com\/fr\/mentions-legales\/#breadcrumb","itemListElement":[{"@type":"ListItem","position":1,"name":"Startseite","item":"https:\/\/www.rehmracedays.com\/fr\/"},{"@type":"ListItem","position":2,"name":"Mentions l\u00e9gales"}]},{"@type":"WebSite","@id":"https:\/\/www.rehmracedays.com\/fr\/#website","url":"https:\/\/www.rehmracedays.com\/fr\/","name":"Rehm Race Days","description":"Motorrad auf der Rennstrecke fahren","publisher":{"@id":"https:\/\/www.rehmracedays.com\/fr\/#organization"},"potentialAction":[{"@type":"SearchAction","target":{"@type":"EntryPoint","urlTemplate":"https:\/\/www.rehmracedays.com\/fr\/?s={search_term_string}"},"query-input":{"@type":"PropertyValueSpecification","valueRequired":true,"valueName":"search_term_string"}}],"inLanguage":"fr-FR"},{"@type":"Organization","@id":"https:\/\/www.rehmracedays.com\/fr\/#organization","name":"Rehm Race Days","url":"https:\/\/www.rehmracedays.com\/fr\/","logo":{"@type":"ImageObject","inLanguage":"fr-FR","@id":"https:\/\/www.rehmracedays.com\/fr\/#\/schema\/logo\/image\/","url":"https:\/\/www.rehmracedays.com\/wp-content\/uploads\/2024\/11\/logorehm.png","contentUrl":"https:\/\/www.rehmracedays.com\/wp-content\/uploads\/2024\/11\/logorehm.png","width":304,"height":79,"caption":"Rehm Race Days"},"image":{"@id":"https:\/\/www.rehmracedays.com\/fr\/#\/schema\/logo\/image\/"}}]}},"meta_box":[],"_links":{"self":[{"href":"https:\/\/www.rehmracedays.com\/fr\/wp-json\/wp\/v2\/pages\/4469","targetHints":{"allow":["GET"]}}],"collection":[{"href":"https:\/\/www.rehmracedays.com\/fr\/wp-json\/wp\/v2\/pages"}],"about":[{"href":"https:\/\/www.rehmracedays.com\/fr\/wp-json\/wp\/v2\/types\/page"}],"author":[{"embeddable":true,"href":"https:\/\/www.rehmracedays.com\/fr\/wp-json\/wp\/v2\/users\/1"}],"replies":[{"embeddable":true,"href":"https:\/\/www.rehmracedays.com\/fr\/wp-json\/wp\/v2\/comments?post=4469"}],"version-history":[{"count":0,"href":"https:\/\/www.rehmracedays.com\/fr\/wp-json\/wp\/v2\/pages\/4469\/revisions"}],"wp:attachment":[{"href":"https:\/\/www.rehmracedays.com\/fr\/wp-json\/wp\/v2\/media?parent=4469"}],"curies":[{"name":"wp","href":"https:\/\/api.w.org\/{rel}","templated":true}]}}