{"id":4727,"date":"2025-03-26T18:49:54","date_gmt":"2025-03-26T18:49:54","guid":{"rendered":"https:\/\/booking.rehmracedays.de\/programme-de-levenement\/"},"modified":"2025-04-05T19:17:49","modified_gmt":"2025-04-05T19:17:49","slug":"programme-de-levenement","status":"publish","type":"page","link":"https:\/\/www.rehmracedays.com\/fr\/programme-de-levenement\/","title":{"rendered":"Programme de l&rsquo;\u00e9v\u00e9nement"},"content":{"rendered":"\t\t<div data-elementor-type=\"wp-page\" data-elementor-id=\"4727\" class=\"elementor elementor-4727 elementor-4574\" data-elementor-post-type=\"page\">\n\t\t\t\t<div class=\"elementor-element elementor-element-34eaacc e-con-full e-flex e-con e-parent\" data-id=\"34eaacc\" data-element_type=\"container\" data-e-type=\"container\">\n\t\t\t\t<div class=\"elementor-element elementor-element-559d624 elementor--h-position-center elementor--v-position-middle elementor-arrows-position-inside elementor-pagination-position-inside elementor-widget elementor-widget-slides\" data-id=\"559d624\" data-element_type=\"widget\" data-e-type=\"widget\" data-settings=\"{&quot;navigation&quot;:&quot;both&quot;,&quot;autoplay&quot;:&quot;yes&quot;,&quot;pause_on_hover&quot;:&quot;yes&quot;,&quot;pause_on_interaction&quot;:&quot;yes&quot;,&quot;autoplay_speed&quot;:5000,&quot;infinite&quot;:&quot;yes&quot;,&quot;transition&quot;:&quot;slide&quot;,&quot;transition_speed&quot;:500}\" data-widget_type=\"slides.default\">\n\t\t\t\t<div class=\"elementor-widget-container\">\n\t\t\t\t\t\t\t\t\t<div class=\"elementor-swiper\">\n\t\t\t\t\t<div class=\"elementor-slides-wrapper elementor-main-swiper swiper\" role=\"region\" aria-roledescription=\"carousel\" aria-label=\"Slider\" dir=\"ltr\" data-animation=\"fadeInUp\">\n\t\t\t\t<div class=\"swiper-wrapper elementor-slides\">\n\t\t\t\t\t\t\t\t\t\t<div class=\"elementor-repeater-item-ad42aae swiper-slide\" role=\"group\" aria-roledescription=\"slide\"><div class=\"swiper-slide-bg\" role=\"img\" aria-label=\"fotomoto it 9\"><\/div><div class=\"swiper-slide-inner\" ><div class=\"swiper-slide-contents\"><div class=\"elementor-slide-heading\">Your Home on the track<\/div><\/div><\/div><\/div><div class=\"elementor-repeater-item-800d74e swiper-slide\" role=\"group\" aria-roledescription=\"slide\"><div class=\"swiper-slide-bg\" role=\"img\" aria-label=\"Fotomoto_it_2\"><\/div><div class=\"swiper-slide-inner\" ><div class=\"swiper-slide-contents\"><\/div><\/div><\/div><div class=\"elementor-repeater-item-cd0bd1e swiper-slide\" role=\"group\" aria-roledescription=\"slide\"><div class=\"swiper-slide-bg\" role=\"img\" aria-label=\"csm_2GS_3293_87ad46ecea\"><\/div><div class=\"swiper-slide-inner\" ><div class=\"swiper-slide-contents\"><\/div><\/div><\/div><div class=\"elementor-repeater-item-fa423db swiper-slide\" role=\"group\" aria-roledescription=\"slide\"><div class=\"swiper-slide-bg\" role=\"img\" aria-label=\"redbull@foto_snap_shot (25)\"><\/div><div class=\"swiper-slide-inner\" ><div class=\"swiper-slide-contents\"><div class=\"elementor-slide-description\"><p>.<\/p>\n<\/div><\/div><\/div><\/div>\t\t\t\t<\/div>\n\t\t\t\t\t\t\t\t\t\t\t\t\t\t\t<div class=\"elementor-swiper-button elementor-swiper-button-prev\" role=\"button\" tabindex=\"0\" aria-label=\"Diapositive pr\u00e9c\u00e9dente\">\n\t\t\t\t\t\t\t<svg aria-hidden=\"true\" class=\"e-font-icon-svg e-eicon-chevron-left\" viewBox=\"0 0 1000 1000\" xmlns=\"http:\/\/www.w3.org\/2000\/svg\"><path d=\"M646 125C629 125 613 133 604 142L308 442C296 454 292 471 292 487 292 504 296 521 308 533L604 854C617 867 629 875 646 875 663 875 679 871 692 858 704 846 713 829 713 812 713 796 708 779 692 767L438 487 692 225C700 217 708 204 708 187 708 171 704 154 692 142 675 129 663 125 646 125Z\"><\/path><\/svg>\t\t\t\t\t\t<\/div>\n\t\t\t\t\t\t<div class=\"elementor-swiper-button elementor-swiper-button-next\" role=\"button\" tabindex=\"0\" aria-label=\"Diapositive suivante\">\n\t\t\t\t\t\t\t<svg aria-hidden=\"true\" class=\"e-font-icon-svg e-eicon-chevron-right\" viewBox=\"0 0 1000 1000\" xmlns=\"http:\/\/www.w3.org\/2000\/svg\"><path d=\"M696 533C708 521 713 504 713 487 713 471 708 454 696 446L400 146C388 133 375 125 354 125 338 125 325 129 313 142 300 154 292 171 292 187 292 204 296 221 308 233L563 492 304 771C292 783 288 800 288 817 288 833 296 850 308 863 321 871 338 875 354 875 371 875 388 867 400 854L696 533Z\"><\/path><\/svg>\t\t\t\t\t\t<\/div>\n\t\t\t\t\t\t\t\t\t\t\t\t\t\t\t\t<div class=\"swiper-pagination\"><\/div>\n\t\t\t\t\t\t\t\t\t\t\t\t<\/div>\n\t\t\t\t<\/div>\n\t\t\t\t\t\t\t\t<\/div>\n\t\t\t\t<\/div>\n\t\t\t\t<\/div>\n\t\t<div class=\"elementor-element elementor-element-ba7b650 e-flex e-con-boxed e-con e-parent\" data-id=\"ba7b650\" data-element_type=\"container\" data-e-type=\"container\">\n\t\t\t\t\t<div class=\"e-con-inner\">\n\t\t\t\t<div class=\"elementor-element elementor-element-6def6e1 elementor-widget elementor-widget-spacer\" data-id=\"6def6e1\" data-element_type=\"widget\" data-e-type=\"widget\" data-widget_type=\"spacer.default\">\n\t\t\t\t<div class=\"elementor-widget-container\">\n\t\t\t\t\t\t\t<div class=\"elementor-spacer\">\n\t\t\t<div class=\"elementor-spacer-inner\"><\/div>\n\t\t<\/div>\n\t\t\t\t\t\t<\/div>\n\t\t\t\t<\/div>\n\t\t\t\t<div class=\"elementor-element elementor-element-0bd35c5 elementor-widget elementor-widget-heading\" data-id=\"0bd35c5\" data-element_type=\"widget\" data-e-type=\"widget\" data-widget_type=\"heading.default\">\n\t\t\t\t<div class=\"elementor-widget-container\">\n\t\t\t\t\t<h1 class=\"elementor-heading-title elementor-size-default\">Programme de l'\u00e9v\u00e9nement<\/h1>\t\t\t\t<\/div>\n\t\t\t\t<\/div>\n\t\t\t\t\t<\/div>\n\t\t\t\t<\/div>\n\t\t<div class=\"elementor-element elementor-element-904714b e-grid e-con-boxed e-con e-parent\" data-id=\"904714b\" data-element_type=\"container\" data-e-type=\"container\">\n\t\t\t\t\t<div class=\"e-con-inner\">\n\t\t\t\t<div class=\"elementor-element elementor-element-73803f9 elementor-widget elementor-widget-text-editor\" data-id=\"73803f9\" data-element_type=\"widget\" data-e-type=\"widget\" data-widget_type=\"text-editor.default\">\n\t\t\t\t<div class=\"elementor-widget-container\">\n\t\t\t\t\t\t\t\t\t<h2><strong>INSCRIPTION @ InfoTruck<\/strong><\/h2><p><span style=\"font-size: 16px;\">Apr\u00e8s vous \u00eatre inscrit en ligne et avoir sign\u00e9 les documents n\u00e9cessaires, vous pouvez vous inscrire sur place \u00e0 l&rsquo;InfoTruck la veille de l&rsquo;\u00e9v\u00e9nement. Apr\u00e8s avoir re\u00e7u les documents et les informations, ainsi que l&rsquo;\u00e9tiquette pour la moto, le clip pour la combinaison en cuir et le transpondeur pour le chronom\u00e9trage, votre inscription est termin\u00e9e. Vous pouvez v\u00e9rifier tous les d\u00e9tails et la participation aux randonn\u00e9es comparatives sur l&rsquo;\u00e9tiquette.  <\/span><\/p>\t\t\t\t\t\t\t\t<\/div>\n\t\t\t\t<\/div>\n\t\t\t\t<div class=\"elementor-element elementor-element-b120e35 elementor-widget elementor-widget-image\" data-id=\"b120e35\" data-element_type=\"widget\" data-e-type=\"widget\" data-widget_type=\"image.default\">\n\t\t\t\t<div class=\"elementor-widget-container\">\n\t\t\t\t\t\t\t\t\t\t\t\t\t\t\t<img fetchpriority=\"high\" decoding=\"async\" width=\"800\" height=\"426\" src=\"https:\/\/www.rehmracedays.com\/wp-content\/uploads\/2025\/04\/LKW-SEITE-1-1-1024x545.png\" class=\"attachment-large size-large wp-image-5924\" alt=\"\" srcset=\"https:\/\/www.rehmracedays.com\/wp-content\/uploads\/2025\/04\/LKW-SEITE-1-1-1024x545.png 1024w, https:\/\/www.rehmracedays.com\/wp-content\/uploads\/2025\/04\/LKW-SEITE-1-1-300x160.png 300w, https:\/\/www.rehmracedays.com\/wp-content\/uploads\/2025\/04\/LKW-SEITE-1-1-768x409.png 768w, https:\/\/www.rehmracedays.com\/wp-content\/uploads\/2025\/04\/LKW-SEITE-1-1-600x319.png 600w, https:\/\/www.rehmracedays.com\/wp-content\/uploads\/2025\/04\/LKW-SEITE-1-1.png 1517w\" sizes=\"(max-width: 800px) 100vw, 800px\" \/>\t\t\t\t\t\t\t\t\t\t\t\t\t\t\t<\/div>\n\t\t\t\t<\/div>\n\t\t\t\t\t<\/div>\n\t\t\t\t<\/div>\n\t\t<div class=\"elementor-element elementor-element-8973208 e-grid e-con-boxed e-con e-parent\" data-id=\"8973208\" data-element_type=\"container\" data-e-type=\"container\">\n\t\t\t\t\t<div class=\"e-con-inner\">\n\t\t\t\t<div class=\"elementor-element elementor-element-23d2848 elementor-widget elementor-widget-image\" data-id=\"23d2848\" data-element_type=\"widget\" data-e-type=\"widget\" data-widget_type=\"image.default\">\n\t\t\t\t<div class=\"elementor-widget-container\">\n\t\t\t\t\t\t\t\t\t\t\t\t\t\t\t<img decoding=\"async\" width=\"800\" height=\"487\" src=\"https:\/\/www.rehmracedays.com\/wp-content\/uploads\/2025\/04\/ZEITPLAN-1024x623.png\" class=\"attachment-large size-large wp-image-5866\" alt=\"\" srcset=\"https:\/\/www.rehmracedays.com\/wp-content\/uploads\/2025\/04\/ZEITPLAN-1024x623.png 1024w, https:\/\/www.rehmracedays.com\/wp-content\/uploads\/2025\/04\/ZEITPLAN-300x183.png 300w, https:\/\/www.rehmracedays.com\/wp-content\/uploads\/2025\/04\/ZEITPLAN-768x468.png 768w, https:\/\/www.rehmracedays.com\/wp-content\/uploads\/2025\/04\/ZEITPLAN-600x365.png 600w, https:\/\/www.rehmracedays.com\/wp-content\/uploads\/2025\/04\/ZEITPLAN.png 1462w\" sizes=\"(max-width: 800px) 100vw, 800px\" \/>\t\t\t\t\t\t\t\t\t\t\t\t\t\t\t<\/div>\n\t\t\t\t<\/div>\n\t\t\t\t<div class=\"elementor-element elementor-element-acea6f6 elementor-widget elementor-widget-text-editor\" data-id=\"acea6f6\" data-element_type=\"widget\" data-e-type=\"widget\" data-widget_type=\"text-editor.default\">\n\t\t\t\t<div class=\"elementor-widget-container\">\n\t\t\t\t\t\t\t\t\t<h2><strong>BRIEFING SUR PLACE<\/strong><\/h2><p>Le matin du premier jour de l&rsquo;\u00e9v\u00e9nement, le briefing obligatoire pour tous les participants a lieu AVANT le d\u00e9but de l&rsquo;\u00e9v\u00e9nement. Tous les points importants concernant l&rsquo;\u00e9v\u00e9nement et la s\u00e9curit\u00e9, ainsi que le comportement sp\u00e9cifique \u00e0 la piste de course, y sont expliqu\u00e9s. Nos briefings se d\u00e9roulent en anglais, allemand, italien, fran\u00e7ais et espagnol. <\/p>\t\t\t\t\t\t\t\t<\/div>\n\t\t\t\t<\/div>\n\t\t\t\t\t<\/div>\n\t\t\t\t<\/div>\n\t\t<div class=\"elementor-element elementor-element-346e60d e-grid e-con-boxed e-con e-parent\" data-id=\"346e60d\" data-element_type=\"container\" data-e-type=\"container\">\n\t\t\t\t\t<div class=\"e-con-inner\">\n\t\t\t\t<div class=\"elementor-element elementor-element-b388363 elementor-widget elementor-widget-text-editor\" data-id=\"b388363\" data-element_type=\"widget\" data-e-type=\"widget\" data-widget_type=\"text-editor.default\">\n\t\t\t\t<div class=\"elementor-widget-container\">\n\t\t\t\t\t\t\t\t\t<h2><strong>LIVE TIMING PRO<\/strong><\/h2><p>D\u00e8s le d\u00e9but de l&rsquo;activit\u00e9, notre LiveTimingPro moderne prend en charge la gestion de l&rsquo;\u00e9v\u00e9nement. Vous trouverez en ligne, sans d\u00e9lai, toutes les informations sur les pilotes, les nouveaux groupes, les positions de d\u00e9part et les changements d&rsquo;horaires. Pour toute question, demande de modification ou d&rsquo;adaptation, notre \u00e9quipe se tient \u00e0 votre disposition sur place. En plus du contr\u00f4le de la course, le LiveTImingPro se charge \u00e9galement de maintenir les groupes de vitesse aussi homog\u00e8nes que possible, nous r\u00e9partissons \u00e0 nouveau les groupes de vitesse \u00e0 des heures pr\u00e9cises (selon l&rsquo;horaire) et si n\u00e9cessaire. De plus, des annonces seront faites comme d&rsquo;habitude par haut-parleur et ici, vous pouvez acc\u00e9der directement au <a href=\"https:\/\/live.rehmracedays.de\/\" target=\"_blank\" rel=\"noopener\">LiveTimingPro,<\/a> o\u00f9 vous trouverez \u00e9galement l&rsquo;historique de nos \u00e9v\u00e9nements depuis 2002.   <\/p>\t\t\t\t\t\t\t\t<\/div>\n\t\t\t\t<\/div>\n\t\t\t\t<div class=\"elementor-element elementor-element-27b68a2 elementor-widget elementor-widget-image\" data-id=\"27b68a2\" data-element_type=\"widget\" data-e-type=\"widget\" data-widget_type=\"image.default\">\n\t\t\t\t<div class=\"elementor-widget-container\">\n\t\t\t\t\t\t\t\t\t\t\t\t\t\t\t<img decoding=\"async\" width=\"579\" height=\"263\" src=\"https:\/\/www.rehmracedays.com\/wp-content\/uploads\/2025\/03\/Bild4.png\" class=\"attachment-large size-large wp-image-4549\" alt=\"\" srcset=\"https:\/\/www.rehmracedays.com\/wp-content\/uploads\/2025\/03\/Bild4.png 579w, https:\/\/www.rehmracedays.com\/wp-content\/uploads\/2025\/03\/Bild4-300x136.png 300w\" sizes=\"(max-width: 579px) 100vw, 579px\" \/>\t\t\t\t\t\t\t\t\t\t\t\t\t\t\t<\/div>\n\t\t\t\t<\/div>\n\t\t\t\t\t<\/div>\n\t\t\t\t<\/div>\n\t\t<div class=\"elementor-element elementor-element-60be688 e-grid e-con-boxed e-con e-parent\" data-id=\"60be688\" data-element_type=\"container\" data-e-type=\"container\">\n\t\t\t\t\t<div class=\"e-con-inner\">\n\t\t\t\t<div class=\"elementor-element elementor-element-58a6178 elementor-widget elementor-widget-image\" data-id=\"58a6178\" data-element_type=\"widget\" data-e-type=\"widget\" data-widget_type=\"image.default\">\n\t\t\t\t<div class=\"elementor-widget-container\">\n\t\t\t\t\t\t\t\t\t\t\t\t\t\t\t<img loading=\"lazy\" decoding=\"async\" width=\"574\" height=\"105\" src=\"https:\/\/www.rehmracedays.com\/wp-content\/uploads\/2025\/03\/Bild3.png\" class=\"attachment-large size-large wp-image-4605\" alt=\"\" srcset=\"https:\/\/www.rehmracedays.com\/wp-content\/uploads\/2025\/03\/Bild3.png 574w, https:\/\/www.rehmracedays.com\/wp-content\/uploads\/2025\/03\/Bild3-300x55.png 300w\" sizes=\"(max-width: 574px) 100vw, 574px\" \/>\t\t\t\t\t\t\t\t\t\t\t\t\t\t\t<\/div>\n\t\t\t\t<\/div>\n\t\t\t\t<div class=\"elementor-element elementor-element-a2cedc1 elementor-widget elementor-widget-text-editor\" data-id=\"a2cedc1\" data-element_type=\"widget\" data-e-type=\"widget\" data-widget_type=\"text-editor.default\">\n\t\t\t\t<div class=\"elementor-widget-container\">\n\t\t\t\t\t\t\t\t\t<h2><strong>S\u00c9ANCES D&rsquo;ENTRA\u00ceNEMENT EN GROUPE ET COURSE G\u00c9N\u00c9RALE<\/strong><\/h2><p>Vous \u00eates pr\u00eat \u00e0 partir. Des instructeurs sont disponibles sur demande lors des premi\u00e8res sessions de groupe. Nous proposons un vaste programme, allant des s\u00e9ances d&rsquo;entra\u00eenement aux qualifications, en passant par diverses courses tout au long des trois jours afin de maintenir l&rsquo;int\u00e9r\u00eat. Le fait que la plupart de nos \u00e9v\u00e9nements se d\u00e9roulent sur trois jours se refl\u00e8te \u00e9galement dans la s\u00e9curit\u00e9 : vous n&rsquo;avez pas \u00e0 r\u00e9aliser votre meilleur temps imm\u00e9diatement et vous pouvez aborder les journ\u00e9es en toute d\u00e9contraction. Nous avons \u00e9galement constat\u00e9 que les progr\u00e8s r\u00e9alis\u00e9s de cette mani\u00e8re sont plus clairement visibles.    <\/p>\t\t\t\t\t\t\t\t<\/div>\n\t\t\t\t<\/div>\n\t\t\t\t\t<\/div>\n\t\t\t\t<\/div>\n\t\t<div class=\"elementor-element elementor-element-fe5837f e-grid e-con-boxed e-con e-parent\" data-id=\"fe5837f\" data-element_type=\"container\" data-e-type=\"container\">\n\t\t\t\t\t<div class=\"e-con-inner\">\n\t\t\t\t<div class=\"elementor-element elementor-element-b48cbe7 elementor-widget elementor-widget-text-editor\" data-id=\"b48cbe7\" data-element_type=\"widget\" data-e-type=\"widget\" data-widget_type=\"text-editor.default\">\n\t\t\t\t<div class=\"elementor-widget-container\">\n\t\t\t\t\t\t\t\t\t<h2><strong>COURSES, ENDURANCES ET D\u00c9FIS<\/strong><\/h2><p>Dans la mesure du possible, nous organisons des courses avec un d\u00e9part MotoGP et des courses d&rsquo;endurance avec un d\u00e9part LeMans. Si la r\u00e9glementation locale ou nationale ou les associations de sport automobile l&rsquo;interdisent, nous utiliserons notre logique de d\u00e9part unique et volant pour cr\u00e9er suffisamment de caract\u00e8re de course pour pouvoir organiser ces courses d&rsquo;une mani\u00e8re adapt\u00e9e. Des coupes seront disponibles pour toutes les courses comparatives, m\u00eame dans les groupes les plus lents (si cela est autoris\u00e9). Les c\u00e9r\u00e9monies de remise des prix auront lieu le deuxi\u00e8me jour en soir\u00e9e et le troisi\u00e8me jour apr\u00e8s les courses, en plusieurs langues. Toutes les activit\u00e9s seront visualis\u00e9es et vous pourrez tout suivre sur place et depuis chez vous dans LiveTimingPro.      <a href=\"https:\/\/live.rehmracedays.de\/\" target=\"_blank\" rel=\"noopener\">plus ici<\/a><\/p>\t\t\t\t\t\t\t\t<\/div>\n\t\t\t\t<\/div>\n\t\t\t\t<div class=\"elementor-element elementor-element-d6c0f5a elementor-widget elementor-widget-image\" data-id=\"d6c0f5a\" data-element_type=\"widget\" data-e-type=\"widget\" data-widget_type=\"image.default\">\n\t\t\t\t<div class=\"elementor-widget-container\">\n\t\t\t\t\t\t\t\t\t\t\t\t\t\t\t<img loading=\"lazy\" decoding=\"async\" width=\"800\" height=\"401\" src=\"https:\/\/www.rehmracedays.com\/wp-content\/uploads\/2025\/03\/Screenshot-2025-03-26-193032-1024x513.png\" class=\"attachment-large size-large wp-image-4619\" alt=\"\" srcset=\"https:\/\/www.rehmracedays.com\/wp-content\/uploads\/2025\/03\/Screenshot-2025-03-26-193032-1024x513.png 1024w, https:\/\/www.rehmracedays.com\/wp-content\/uploads\/2025\/03\/Screenshot-2025-03-26-193032-300x150.png 300w, https:\/\/www.rehmracedays.com\/wp-content\/uploads\/2025\/03\/Screenshot-2025-03-26-193032-768x385.png 768w, https:\/\/www.rehmracedays.com\/wp-content\/uploads\/2025\/03\/Screenshot-2025-03-26-193032-600x301.png 600w, https:\/\/www.rehmracedays.com\/wp-content\/uploads\/2025\/03\/Screenshot-2025-03-26-193032.png 1060w\" sizes=\"(max-width: 800px) 100vw, 800px\" \/>\t\t\t\t\t\t\t\t\t\t\t\t\t\t\t<\/div>\n\t\t\t\t<\/div>\n\t\t\t\t\t<\/div>\n\t\t\t\t<\/div>\n\t\t<div class=\"elementor-element elementor-element-40bd0d0 e-flex e-con-boxed e-con e-parent\" data-id=\"40bd0d0\" data-element_type=\"container\" data-e-type=\"container\">\n\t\t\t\t\t<div class=\"e-con-inner\">\n\t\t\t\t<div class=\"elementor-element elementor-element-7444481 elementor-widget elementor-widget-text-editor\" data-id=\"7444481\" data-element_type=\"widget\" data-e-type=\"widget\" data-widget_type=\"text-editor.default\">\n\t\t\t\t<div class=\"elementor-widget-container\">\n\t\t\t\t\t\t\t\t\t<h2><strong>QUALIFICATION ET ATTAQUE AU TEMPS<\/strong><\/h2><p>Les s\u00e9ances de qualification (\u00e9galement appel\u00e9es TimeAttack, selon les sp\u00e9cifications) se d\u00e9roulent dans les groupes de vitesse r\u00e9guliers de la m\u00eame mani\u00e8re que les s\u00e9ances d&rsquo;entra\u00eenement. Ces temps sont utilis\u00e9s pour les positions dans les courses, les d\u00e9fis et les courses d&rsquo;endurance ou les randonn\u00e9es de l&rsquo;amiti\u00e9. <\/p>\t\t\t\t\t\t\t\t<\/div>\n\t\t\t\t<\/div>\n\t\t\t\t<div class=\"elementor-element elementor-element-54f66ca elementor-widget elementor-widget-spacer\" data-id=\"54f66ca\" data-element_type=\"widget\" data-e-type=\"widget\" data-widget_type=\"spacer.default\">\n\t\t\t\t<div class=\"elementor-widget-container\">\n\t\t\t\t\t\t\t<div class=\"elementor-spacer\">\n\t\t\t<div class=\"elementor-spacer-inner\"><\/div>\n\t\t<\/div>\n\t\t\t\t\t\t<\/div>\n\t\t\t\t<\/div>\n\t\t\t\t\t<\/div>\n\t\t\t\t<\/div>\n\t\t<div class=\"elementor-element elementor-element-56d97ff e-flex e-con-boxed e-con e-parent\" data-id=\"56d97ff\" data-element_type=\"container\" data-e-type=\"container\">\n\t\t\t\t\t<div class=\"e-con-inner\">\n\t\t\t\t<div class=\"elementor-element elementor-element-5ac8540 elementor-widget elementor-widget-text-editor\" data-id=\"5ac8540\" data-element_type=\"widget\" data-e-type=\"widget\" data-widget_type=\"text-editor.default\">\n\t\t\t\t<div class=\"elementor-widget-container\">\n\t\t\t\t\t\t\t\t\t<h2><strong>PUBLIC BOX<\/strong><\/h2><p>La Public Box est le point de rencontre de tous les participants. Vous y trouverez le LiveTimingPro pour tout le monde sur la grande t\u00e9l\u00e9vision, les briefings commenceront ici, il y a du caf\u00e9 toute la journ\u00e9e et une bi\u00e8re (si l&rsquo;hippodrome le permet) le soir apr\u00e8s la fin de l&rsquo;activit\u00e9. En g\u00e9n\u00e9ral, le Race Service se trouve dans le stand voisin et l&rsquo;InfoTruck devant le Public Box.  <\/p>\t\t\t\t\t\t\t\t<\/div>\n\t\t\t\t<\/div>\n\t\t\t\t\t<\/div>\n\t\t\t\t<\/div>\n\t\t<div class=\"elementor-element elementor-element-72d2095 e-grid e-con-boxed e-con e-parent\" data-id=\"72d2095\" data-element_type=\"container\" data-e-type=\"container\">\n\t\t\t\t\t<div class=\"e-con-inner\">\n\t\t\t\t<div class=\"elementor-element elementor-element-ea56aa3 elementor-widget elementor-widget-text-editor\" data-id=\"ea56aa3\" data-element_type=\"widget\" data-e-type=\"widget\" data-widget_type=\"text-editor.default\">\n\t\t\t\t<div class=\"elementor-widget-container\">\n\t\t\t\t\t\t\t\t\t<h2><strong>RACE SERVICE<\/strong><\/h2><p>Dans notre service de course Rehm, vous trouverez tout ce qui concerne les pneus et les changements de pneus, les combinaisons en cuir d&rsquo;iXS, les accessoires et les v\u00eatements des journ\u00e9es de course Rehm, ainsi qu&rsquo;une petite s\u00e9lection de pi\u00e8ces d\u00e9tach\u00e9es et de pi\u00e8ces d&rsquo;usure. Tout est \u00e9galement disponible en pr\u00e9-commande. Pour en savoir plus , <a href=\"https:\/\/www.rehmracedays.com\/fr\/service\/\">cliquez ici.<\/a> <\/p>\t\t\t\t\t\t\t\t<\/div>\n\t\t\t\t<\/div>\n\t\t\t\t<div class=\"elementor-element elementor-element-8bf5f6c elementor-widget elementor-widget-image\" data-id=\"8bf5f6c\" data-element_type=\"widget\" data-e-type=\"widget\" data-widget_type=\"image.default\">\n\t\t\t\t<div class=\"elementor-widget-container\">\n\t\t\t\t\t\t\t\t\t\t\t\t\t\t\t<img loading=\"lazy\" decoding=\"async\" width=\"264\" height=\"300\" src=\"https:\/\/www.rehmracedays.com\/wp-content\/uploads\/2025\/04\/WUCHTEN--264x300.png\" class=\"attachment-medium size-medium wp-image-5861\" alt=\"\" srcset=\"https:\/\/www.rehmracedays.com\/wp-content\/uploads\/2025\/04\/WUCHTEN--264x300.png 264w, https:\/\/www.rehmracedays.com\/wp-content\/uploads\/2025\/04\/WUCHTEN--600x681.png 600w, https:\/\/www.rehmracedays.com\/wp-content\/uploads\/2025\/04\/WUCHTEN-.png 767w\" sizes=\"(max-width: 264px) 100vw, 264px\" \/>\t\t\t\t\t\t\t\t\t\t\t\t\t\t\t<\/div>\n\t\t\t\t<\/div>\n\t\t\t\t\t<\/div>\n\t\t\t\t<\/div>\n\t\t<div class=\"elementor-element elementor-element-0222dc3 e-grid e-con-boxed e-con e-parent\" data-id=\"0222dc3\" data-element_type=\"container\" data-e-type=\"container\">\n\t\t\t\t\t<div class=\"e-con-inner\">\n\t\t\t\t<div class=\"elementor-element elementor-element-a9decb2 elementor-widget elementor-widget-image\" data-id=\"a9decb2\" data-element_type=\"widget\" data-e-type=\"widget\" data-widget_type=\"image.default\">\n\t\t\t\t<div class=\"elementor-widget-container\">\n\t\t\t\t\t\t\t\t\t\t\t\t\t\t\t<img loading=\"lazy\" decoding=\"async\" width=\"768\" height=\"342\" src=\"https:\/\/www.rehmracedays.com\/wp-content\/uploads\/2025\/03\/LKW-Laden-768x342.jpg\" class=\"attachment-medium_large size-medium_large wp-image-4624\" alt=\"\" srcset=\"https:\/\/www.rehmracedays.com\/wp-content\/uploads\/2025\/03\/LKW-Laden-768x342.jpg 768w, https:\/\/www.rehmracedays.com\/wp-content\/uploads\/2025\/03\/LKW-Laden-300x134.jpg 300w, https:\/\/www.rehmracedays.com\/wp-content\/uploads\/2025\/03\/LKW-Laden-1024x456.jpg 1024w, https:\/\/www.rehmracedays.com\/wp-content\/uploads\/2025\/03\/LKW-Laden-1536x684.jpg 1536w, https:\/\/www.rehmracedays.com\/wp-content\/uploads\/2025\/03\/LKW-Laden-600x267.jpg 600w, https:\/\/www.rehmracedays.com\/wp-content\/uploads\/2025\/03\/LKW-Laden.jpg 1876w\" sizes=\"(max-width: 768px) 100vw, 768px\" \/>\t\t\t\t\t\t\t\t\t\t\t\t\t\t\t<\/div>\n\t\t\t\t<\/div>\n\t\t\t\t<div class=\"elementor-element elementor-element-4679d29 elementor-widget elementor-widget-text-editor\" data-id=\"4679d29\" data-element_type=\"widget\" data-e-type=\"widget\" data-widget_type=\"text-editor.default\">\n\t\t\t\t<div class=\"elementor-widget-container\">\n\t\t\t\t\t\t\t\t\t<h2><strong>VSERVICES \u00c0 VALEUR AJOUT\u00c9E<\/strong><\/h2><p>Outre l&rsquo;organisation d&rsquo;\u00e9v\u00e9nements sur circuit, le chronom\u00e9trage bas\u00e9 sur des transpondeurs depuis 2002, les pneus et les pi\u00e8ces d\u00e9tach\u00e9es, les services d&rsquo;instructeurs, nous offrons \u00e9galement des services d&rsquo;entreposage et de transport. Nous pouvons proposer des r\u00e9parations et des services sur les motos avec des ateliers agr\u00e9\u00e9s partenaires ou des m\u00e9caniciens sp\u00e9cialis\u00e9s dans la course. Des photos et vid\u00e9os au ralenti sont propos\u00e9es directement sur le circuit par nos photographes attitr\u00e9s.  <\/p>\t\t\t\t\t\t\t\t<\/div>\n\t\t\t\t<\/div>\n\t\t\t\t\t<\/div>\n\t\t\t\t<\/div>\n\t\t\t\t<\/div>\n\t\t","protected":false},"excerpt":{"rendered":"<p>Your Home on the track . Programme de l&rsquo;\u00e9v\u00e9nement INSCRIPTION @ InfoTruck Apr\u00e8s vous \u00eatre inscrit en ligne et avoir sign\u00e9 les documents n\u00e9cessaires, vous pouvez vous inscrire sur place \u00e0 l&rsquo;InfoTruck la veille de l&rsquo;\u00e9v\u00e9nement. Apr\u00e8s avoir re\u00e7u les documents et les informations, ainsi que l&rsquo;\u00e9tiquette pour la moto, le clip pour la combinaison [&hellip;]<\/p>\n","protected":false},"author":12348,"featured_media":0,"parent":0,"menu_order":0,"comment_status":"closed","ping_status":"closed","template":"","meta":{"postBodyCss":"","postBodyMargin":[],"postBodyPadding":[],"postBodyBackground":{"backgroundType":"classic","gradient":""},"footnotes":""},"class_list":["post-4727","page","type-page","status-publish","hentry"],"yoast_head":"<!-- This site is optimized with the Yoast SEO plugin v27.0 - https:\/\/yoast.com\/product\/yoast-seo-wordpress\/ -->\n<title>Programme de l&#039;\u00e9v\u00e9nement - Rehm Race Days<\/title>\n<meta name=\"description\" content=\"Le programme de nos \u00e9v\u00e9nements en d\u00e9tail\" \/>\n<meta name=\"robots\" content=\"index, follow, max-snippet:-1, max-image-preview:large, max-video-preview:-1\" \/>\n<link rel=\"canonical\" href=\"https:\/\/www.rehmracedays.com\/fr\/programme-de-levenement\/\" \/>\n<meta property=\"og:locale\" content=\"fr_FR\" \/>\n<meta property=\"og:type\" content=\"article\" \/>\n<meta property=\"og:title\" content=\"Programme de l&#039;\u00e9v\u00e9nement - Rehm Race Days\" \/>\n<meta property=\"og:description\" content=\"Le programme de nos \u00e9v\u00e9nements en d\u00e9tail\" \/>\n<meta property=\"og:url\" content=\"https:\/\/www.rehmracedays.com\/fr\/programme-de-levenement\/\" \/>\n<meta property=\"og:site_name\" content=\"Rehm Race Days\" \/>\n<meta property=\"article:modified_time\" content=\"2025-04-05T19:17:49+00:00\" \/>\n<meta property=\"og:image\" content=\"https:\/\/www.rehmracedays.com\/wp-content\/uploads\/2025\/04\/LKW-SEITE-1-1-1024x545.png\" \/>\n<meta name=\"twitter:card\" content=\"summary_large_image\" \/>\n<meta name=\"twitter:label1\" content=\"Dur\u00e9e de lecture estim\u00e9e\" \/>\n\t<meta name=\"twitter:data1\" content=\"4 minutes\" \/>\n<script type=\"application\/ld+json\" class=\"yoast-schema-graph\">{\"@context\":\"https:\/\/schema.org\",\"@graph\":[{\"@type\":\"WebPage\",\"@id\":\"https:\/\/www.rehmracedays.com\/fr\/programme-de-levenement\/\",\"url\":\"https:\/\/www.rehmracedays.com\/fr\/programme-de-levenement\/\",\"name\":\"Programme de l'\u00e9v\u00e9nement - Rehm Race Days\",\"isPartOf\":{\"@id\":\"https:\/\/www.rehmracedays.com\/fr\/#website\"},\"primaryImageOfPage\":{\"@id\":\"https:\/\/www.rehmracedays.com\/fr\/programme-de-levenement\/#primaryimage\"},\"image\":{\"@id\":\"https:\/\/www.rehmracedays.com\/fr\/programme-de-levenement\/#primaryimage\"},\"thumbnailUrl\":\"https:\/\/www.rehmracedays.com\/wp-content\/uploads\/2025\/04\/LKW-SEITE-1-1-1024x545.png\",\"datePublished\":\"2025-03-26T18:49:54+00:00\",\"dateModified\":\"2025-04-05T19:17:49+00:00\",\"description\":\"Le programme de nos \u00e9v\u00e9nements en d\u00e9tail\",\"breadcrumb\":{\"@id\":\"https:\/\/www.rehmracedays.com\/fr\/programme-de-levenement\/#breadcrumb\"},\"inLanguage\":\"fr-FR\",\"potentialAction\":[{\"@type\":\"ReadAction\",\"target\":[\"https:\/\/www.rehmracedays.com\/fr\/programme-de-levenement\/\"]}]},{\"@type\":\"ImageObject\",\"inLanguage\":\"fr-FR\",\"@id\":\"https:\/\/www.rehmracedays.com\/fr\/programme-de-levenement\/#primaryimage\",\"url\":\"https:\/\/www.rehmracedays.com\/wp-content\/uploads\/2025\/04\/LKW-SEITE-1-1-1024x545.png\",\"contentUrl\":\"https:\/\/www.rehmracedays.com\/wp-content\/uploads\/2025\/04\/LKW-SEITE-1-1-1024x545.png\"},{\"@type\":\"BreadcrumbList\",\"@id\":\"https:\/\/www.rehmracedays.com\/fr\/programme-de-levenement\/#breadcrumb\",\"itemListElement\":[{\"@type\":\"ListItem\",\"position\":1,\"name\":\"Startseite\",\"item\":\"https:\/\/www.rehmracedays.com\/fr\/\"},{\"@type\":\"ListItem\",\"position\":2,\"name\":\"Programme de l&rsquo;\u00e9v\u00e9nement\"}]},{\"@type\":\"WebSite\",\"@id\":\"https:\/\/www.rehmracedays.com\/fr\/#website\",\"url\":\"https:\/\/www.rehmracedays.com\/fr\/\",\"name\":\"Rehm Race Days\",\"description\":\"Motorrad auf der Rennstrecke fahren\",\"publisher\":{\"@id\":\"https:\/\/www.rehmracedays.com\/fr\/#organization\"},\"potentialAction\":[{\"@type\":\"SearchAction\",\"target\":{\"@type\":\"EntryPoint\",\"urlTemplate\":\"https:\/\/www.rehmracedays.com\/fr\/?s={search_term_string}\"},\"query-input\":{\"@type\":\"PropertyValueSpecification\",\"valueRequired\":true,\"valueName\":\"search_term_string\"}}],\"inLanguage\":\"fr-FR\"},{\"@type\":\"Organization\",\"@id\":\"https:\/\/www.rehmracedays.com\/fr\/#organization\",\"name\":\"Rehm Race Days\",\"url\":\"https:\/\/www.rehmracedays.com\/fr\/\",\"logo\":{\"@type\":\"ImageObject\",\"inLanguage\":\"fr-FR\",\"@id\":\"https:\/\/www.rehmracedays.com\/fr\/#\/schema\/logo\/image\/\",\"url\":\"https:\/\/www.rehmracedays.com\/wp-content\/uploads\/2024\/11\/logorehm.png\",\"contentUrl\":\"https:\/\/www.rehmracedays.com\/wp-content\/uploads\/2024\/11\/logorehm.png\",\"width\":304,\"height\":79,\"caption\":\"Rehm Race Days\"},\"image\":{\"@id\":\"https:\/\/www.rehmracedays.com\/fr\/#\/schema\/logo\/image\/\"}}]}<\/script>\n<!-- \/ Yoast SEO plugin. -->","yoast_head_json":{"title":"Programme de l'\u00e9v\u00e9nement - Rehm Race Days","description":"Le programme de nos \u00e9v\u00e9nements en d\u00e9tail","robots":{"index":"index","follow":"follow","max-snippet":"max-snippet:-1","max-image-preview":"max-image-preview:large","max-video-preview":"max-video-preview:-1"},"canonical":"https:\/\/www.rehmracedays.com\/fr\/programme-de-levenement\/","og_locale":"fr_FR","og_type":"article","og_title":"Programme de l'\u00e9v\u00e9nement - Rehm Race Days","og_description":"Le programme de nos \u00e9v\u00e9nements en d\u00e9tail","og_url":"https:\/\/www.rehmracedays.com\/fr\/programme-de-levenement\/","og_site_name":"Rehm Race Days","article_modified_time":"2025-04-05T19:17:49+00:00","og_image":[{"url":"https:\/\/www.rehmracedays.com\/wp-content\/uploads\/2025\/04\/LKW-SEITE-1-1-1024x545.png","type":"","width":"","height":""}],"twitter_card":"summary_large_image","twitter_misc":{"Dur\u00e9e de lecture estim\u00e9e":"4 minutes"},"schema":{"@context":"https:\/\/schema.org","@graph":[{"@type":"WebPage","@id":"https:\/\/www.rehmracedays.com\/fr\/programme-de-levenement\/","url":"https:\/\/www.rehmracedays.com\/fr\/programme-de-levenement\/","name":"Programme de l'\u00e9v\u00e9nement - Rehm Race Days","isPartOf":{"@id":"https:\/\/www.rehmracedays.com\/fr\/#website"},"primaryImageOfPage":{"@id":"https:\/\/www.rehmracedays.com\/fr\/programme-de-levenement\/#primaryimage"},"image":{"@id":"https:\/\/www.rehmracedays.com\/fr\/programme-de-levenement\/#primaryimage"},"thumbnailUrl":"https:\/\/www.rehmracedays.com\/wp-content\/uploads\/2025\/04\/LKW-SEITE-1-1-1024x545.png","datePublished":"2025-03-26T18:49:54+00:00","dateModified":"2025-04-05T19:17:49+00:00","description":"Le programme de nos \u00e9v\u00e9nements en d\u00e9tail","breadcrumb":{"@id":"https:\/\/www.rehmracedays.com\/fr\/programme-de-levenement\/#breadcrumb"},"inLanguage":"fr-FR","potentialAction":[{"@type":"ReadAction","target":["https:\/\/www.rehmracedays.com\/fr\/programme-de-levenement\/"]}]},{"@type":"ImageObject","inLanguage":"fr-FR","@id":"https:\/\/www.rehmracedays.com\/fr\/programme-de-levenement\/#primaryimage","url":"https:\/\/www.rehmracedays.com\/wp-content\/uploads\/2025\/04\/LKW-SEITE-1-1-1024x545.png","contentUrl":"https:\/\/www.rehmracedays.com\/wp-content\/uploads\/2025\/04\/LKW-SEITE-1-1-1024x545.png"},{"@type":"BreadcrumbList","@id":"https:\/\/www.rehmracedays.com\/fr\/programme-de-levenement\/#breadcrumb","itemListElement":[{"@type":"ListItem","position":1,"name":"Startseite","item":"https:\/\/www.rehmracedays.com\/fr\/"},{"@type":"ListItem","position":2,"name":"Programme de l&rsquo;\u00e9v\u00e9nement"}]},{"@type":"WebSite","@id":"https:\/\/www.rehmracedays.com\/fr\/#website","url":"https:\/\/www.rehmracedays.com\/fr\/","name":"Rehm Race Days","description":"Motorrad auf der Rennstrecke fahren","publisher":{"@id":"https:\/\/www.rehmracedays.com\/fr\/#organization"},"potentialAction":[{"@type":"SearchAction","target":{"@type":"EntryPoint","urlTemplate":"https:\/\/www.rehmracedays.com\/fr\/?s={search_term_string}"},"query-input":{"@type":"PropertyValueSpecification","valueRequired":true,"valueName":"search_term_string"}}],"inLanguage":"fr-FR"},{"@type":"Organization","@id":"https:\/\/www.rehmracedays.com\/fr\/#organization","name":"Rehm Race Days","url":"https:\/\/www.rehmracedays.com\/fr\/","logo":{"@type":"ImageObject","inLanguage":"fr-FR","@id":"https:\/\/www.rehmracedays.com\/fr\/#\/schema\/logo\/image\/","url":"https:\/\/www.rehmracedays.com\/wp-content\/uploads\/2024\/11\/logorehm.png","contentUrl":"https:\/\/www.rehmracedays.com\/wp-content\/uploads\/2024\/11\/logorehm.png","width":304,"height":79,"caption":"Rehm Race Days"},"image":{"@id":"https:\/\/www.rehmracedays.com\/fr\/#\/schema\/logo\/image\/"}}]}},"meta_box":[],"_links":{"self":[{"href":"https:\/\/www.rehmracedays.com\/fr\/wp-json\/wp\/v2\/pages\/4727","targetHints":{"allow":["GET"]}}],"collection":[{"href":"https:\/\/www.rehmracedays.com\/fr\/wp-json\/wp\/v2\/pages"}],"about":[{"href":"https:\/\/www.rehmracedays.com\/fr\/wp-json\/wp\/v2\/types\/page"}],"author":[{"embeddable":true,"href":"https:\/\/www.rehmracedays.com\/fr\/wp-json\/wp\/v2\/users\/12348"}],"replies":[{"embeddable":true,"href":"https:\/\/www.rehmracedays.com\/fr\/wp-json\/wp\/v2\/comments?post=4727"}],"version-history":[{"count":0,"href":"https:\/\/www.rehmracedays.com\/fr\/wp-json\/wp\/v2\/pages\/4727\/revisions"}],"wp:attachment":[{"href":"https:\/\/www.rehmracedays.com\/fr\/wp-json\/wp\/v2\/media?parent=4727"}],"curies":[{"name":"wp","href":"https:\/\/api.w.org\/{rel}","templated":true}]}}